{"id":9284,"date":"2026-03-08T07:39:40","date_gmt":"2026-03-08T07:39:40","guid":{"rendered":"https:\/\/events-von-rath.de\/?page_id=9284"},"modified":"2026-03-08T07:44:26","modified_gmt":"2026-03-08T07:44:26","slug":"bem-vindos-2","status":"publish","type":"page","link":"https:\/\/events-von-rath.de\/pt-br\/bem-vindos-2\/","title":{"rendered":"bem-vindos"},"content":{"rendered":"\t\t<div data-elementor-type=\"wp-page\" data-elementor-id=\"9284\" class=\"elementor elementor-9284 elementor-9282\" data-elementor-post-type=\"page\">\n\t\t\t\t<div class=\"elementor-element elementor-element-7f83b41 e-flex e-con-boxed e-con e-parent\" data-id=\"7f83b41\" data-element_type=\"container\" data-e-type=\"container\" data-settings=\"{&quot;background_background&quot;:&quot;classic&quot;}\">\n\t\t\t\t\t<div class=\"e-con-inner\">\n\t\t<div class=\"elementor-element elementor-element-d3923e9 e-con-full e-flex e-con e-child\" data-id=\"d3923e9\" data-element_type=\"container\" data-e-type=\"container\">\n\t\t\t\t<div class=\"elementor-element elementor-element-59ecb05 elementor-widget elementor-widget-heading\" data-id=\"59ecb05\" data-element_type=\"widget\" data-e-type=\"widget\" data-widget_type=\"heading.default\">\n\t\t\t\t<div class=\"elementor-widget-container\">\n\t\t\t\t\t<h1 class=\"elementor-heading-title elementor-size-default\">Eleg\u00e2ncia - Individualidade - Perfei\u00e7\u00e3o\n<\/h1>\t\t\t\t<\/div>\n\t\t\t\t<\/div>\n\t\t\t\t<div class=\"elementor-element elementor-element-b9c14ee e-transform elementor-widget elementor-widget-heading\" data-id=\"b9c14ee\" data-element_type=\"widget\" data-e-type=\"widget\" data-settings=\"{&quot;_transform_scale_effect&quot;:{&quot;unit&quot;:&quot;px&quot;,&quot;size&quot;:&quot;&quot;,&quot;sizes&quot;:[]},&quot;_transform_scale_effect_tablet&quot;:{&quot;unit&quot;:&quot;px&quot;,&quot;size&quot;:&quot;&quot;,&quot;sizes&quot;:[]},&quot;_transform_scale_effect_mobile&quot;:{&quot;unit&quot;:&quot;px&quot;,&quot;size&quot;:&quot;&quot;,&quot;sizes&quot;:[]}}\" data-widget_type=\"heading.default\">\n\t\t\t\t<div class=\"elementor-widget-container\">\n\t\t\t\t\t<div class=\"elementor-heading-title elementor-size-default\">Wedding Planner em D\u00fcsseldorf - Planejamento de casamentos em toda a Alemanha\n\nLuxury Destination Weddings em Lugano e Portugal<\/div>\t\t\t\t<\/div>\n\t\t\t\t<\/div>\n\t\t\t\t<\/div>\n\t\t\t\t\t<\/div>\n\t\t\t\t<\/div>\n\t\t<div class=\"elementor-element elementor-element-8faa399 e-con-full e-flex e-con e-parent\" data-id=\"8faa399\" data-element_type=\"container\" data-e-type=\"container\" id=\"hero-scroll-top\" data-settings=\"{&quot;background_background&quot;:&quot;classic&quot;}\">\n\t\t<div class=\"elementor-element elementor-element-0929485 e-flex e-con-boxed e-con e-child\" data-id=\"0929485\" data-element_type=\"container\" data-e-type=\"container\">\n\t\t\t\t\t<div class=\"e-con-inner\">\n\t\t\t\t<div class=\"elementor-element elementor-element-ee6a06d elementor-widget elementor-widget-heading\" data-id=\"ee6a06d\" data-element_type=\"widget\" data-e-type=\"widget\" data-widget_type=\"heading.default\">\n\t\t\t\t<div class=\"elementor-widget-container\">\n\t\t\t\t\t<h1 class=\"elementor-heading-title elementor-size-default\">Eleg\u00e2ncia - Individualidade - Perfei\u00e7\u00e3o\n<\/h1>\t\t\t\t<\/div>\n\t\t\t\t<\/div>\n\t\t\t\t<div class=\"elementor-element elementor-element-ae36c07 e-transform elementor-widget elementor-widget-heading\" data-id=\"ae36c07\" data-element_type=\"widget\" data-e-type=\"widget\" data-settings=\"{&quot;_transform_scale_effect&quot;:{&quot;unit&quot;:&quot;px&quot;,&quot;size&quot;:&quot;&quot;,&quot;sizes&quot;:[]},&quot;_transform_scale_effect_tablet&quot;:{&quot;unit&quot;:&quot;px&quot;,&quot;size&quot;:&quot;&quot;,&quot;sizes&quot;:[]},&quot;_transform_scale_effect_mobile&quot;:{&quot;unit&quot;:&quot;px&quot;,&quot;size&quot;:&quot;&quot;,&quot;sizes&quot;:[]}}\" data-widget_type=\"heading.default\">\n\t\t\t\t<div class=\"elementor-widget-container\">\n\t\t\t\t\t<div class=\"elementor-heading-title elementor-size-default\">Wedding Planner em D\u00fcsseldorf - Planejamento de casamentos em toda a Alemanha\n\nLuxury Destination Weddings em Lugano e Portugal<\/div>\t\t\t\t<\/div>\n\t\t\t\t<\/div>\n\t\t\t\t<div class=\"elementor-element elementor-element-6afefc5 elementor-align-center elementor-widget elementor-widget-button\" data-id=\"6afefc5\" data-element_type=\"widget\" data-e-type=\"widget\" data-settings=\"{&quot;_animation&quot;:&quot;none&quot;}\" data-widget_type=\"button.default\">\n\t\t\t\t<div class=\"elementor-widget-container\">\n\t\t\t\t\t\t\t\t\t<div class=\"elementor-button-wrapper\">\n\t\t\t\t\t<a class=\"elementor-button elementor-button-link elementor-size-sm elementor-animation-grow\" href=\"https:\/\/events-von-rath.de\/pt-br\/contato\/\">\n\t\t\t\t\t\t<span class=\"elementor-button-content-wrapper\">\n\t\t\t\t\t\t\t\t\t<span class=\"elementor-button-text\">Contato<\/span>\n\t\t\t\t\t<\/span>\n\t\t\t\t\t<\/a>\n\t\t\t\t<\/div>\n\t\t\t\t\t\t\t\t<\/div>\n\t\t\t\t<\/div>\n\t\t\t\t\t<\/div>\n\t\t\t\t<\/div>\n\t\t\t\t<\/div>\n\t\t<div class=\"elementor-element elementor-element-c1c6066 e-flex e-con-boxed e-con e-parent\" data-id=\"c1c6066\" data-element_type=\"container\" data-e-type=\"container\">\n\t\t\t\t\t<div class=\"e-con-inner\">\n\t\t<div class=\"elementor-element elementor-element-c7b727f e-con-full e-flex e-con e-child\" data-id=\"c7b727f\" data-element_type=\"container\" data-e-type=\"container\">\n\t\t\t\t<div class=\"elementor-element elementor-element-56a8e8a elementor-widget__width-initial elementor-widget-tablet__width-initial elementor-widget elementor-widget-image\" data-id=\"56a8e8a\" data-element_type=\"widget\" data-e-type=\"widget\" data-settings=\"{&quot;_animation&quot;:&quot;none&quot;}\" data-widget_type=\"image.default\">\n\t\t\t\t<div class=\"elementor-widget-container\">\n\t\t\t\t\t\t\t\t\t\t\t\t\t\t\t<img fetchpriority=\"high\" decoding=\"async\" width=\"683\" height=\"1024\" src=\"https:\/\/events-von-rath.de\/wp-content\/uploads\/2025\/03\/SEF-7-683x1024.jpg\" class=\"attachment-large size-large wp-image-7253\" alt=\"\" srcset=\"https:\/\/events-von-rath.de\/wp-content\/uploads\/2025\/03\/SEF-7-683x1024.jpg 683w, https:\/\/events-von-rath.de\/wp-content\/uploads\/2025\/03\/SEF-7-200x300.jpg 200w, https:\/\/events-von-rath.de\/wp-content\/uploads\/2025\/03\/SEF-7-768x1152.jpg 768w, https:\/\/events-von-rath.de\/wp-content\/uploads\/2025\/03\/SEF-7-1024x1536.jpg 1024w, https:\/\/events-von-rath.de\/wp-content\/uploads\/2025\/03\/SEF-7-scaled.jpg 1707w\" sizes=\"(max-width: 683px) 100vw, 683px\" \/>\t\t\t\t\t\t\t\t\t\t\t\t\t\t\t<\/div>\n\t\t\t\t<\/div>\n\t\t\t\t<\/div>\n\t\t<div class=\"elementor-element elementor-element-dcc4d69 e-con-full e-flex e-con e-child\" data-id=\"dcc4d69\" data-element_type=\"container\" data-e-type=\"container\">\n\t\t<div class=\"elementor-element elementor-element-228a830 e-con-full e-flex e-con e-child\" data-id=\"228a830\" data-element_type=\"container\" data-e-type=\"container\">\n\t\t\t\t<div class=\"elementor-element elementor-element-3901fe3 elementor-widget elementor-widget-heading\" data-id=\"3901fe3\" data-element_type=\"widget\" data-e-type=\"widget\" data-widget_type=\"heading.default\">\n\t\t\t\t<div class=\"elementor-widget-container\">\n\t\t\t\t\t<h2 class=\"elementor-heading-title elementor-size-default\">Casamentos contempor\u00e2neos. Cuidadosamente planejados. <\/h2>\t\t\t\t<\/div>\n\t\t\t\t<\/div>\n\t\t\t\t<div class=\"elementor-element elementor-element-69e9c4e elementor-widget elementor-widget-text-editor\" data-id=\"69e9c4e\" data-element_type=\"widget\" data-e-type=\"widget\" data-widget_type=\"text-editor.default\">\n\t\t\t\t<div class=\"elementor-widget-container\">\n\t\t\t\t\t\t\t\t\t<p data-start=\"140\" data-end=\"420\">Como <strong data-start=\"144\" data-end=\"177\">organizadora de casamentos em D\u00fcsseldorf<\/strong>, planejo e organizo casamentos exclusivos e eventos especiais &#8211; na Alemanha, <strong data-start=\"261\" data-end=\"293\">em toda a Europa e internacionalmente<\/strong>. Meu foco est\u00e1 em conceitos personalizados que combinam estilo, personalidade e atmosfera para criar um todo harmonioso. <\/p>\n<p data-start=\"422\" data-end=\"797\">Acompanho os casais desde a ideia inicial at\u00e9 a realiza\u00e7\u00e3o no dia do casamento. Com uma vis\u00e3o clara do design, da estrutura e dos detalhes, crio um casamento moderno e de alta qualidade que parece leve e, ainda assim, \u00e9 planejado com precis\u00e3o. Meu papel \u00e9 claro: confi\u00e1vel em segundo plano, presente quando \u00e9 importante &#8211; para que voc\u00ea possa vivenciar e aproveitar o dia conscientemente.  <\/p>\t\t\t\t\t\t\t\t<\/div>\n\t\t\t\t<\/div>\n\t\t\t\t<div class=\"elementor-element elementor-element-416aeca elementor-align-left elementor-widget elementor-widget-button\" data-id=\"416aeca\" data-element_type=\"widget\" data-e-type=\"widget\" data-settings=\"{&quot;_animation&quot;:&quot;none&quot;}\" data-widget_type=\"button.default\">\n\t\t\t\t<div class=\"elementor-widget-container\">\n\t\t\t\t\t\t\t\t\t<div class=\"elementor-button-wrapper\">\n\t\t\t\t\t<a class=\"elementor-button elementor-button-link elementor-size-sm elementor-animation-grow\" href=\"https:\/\/events-von-rath.de\/pt-br\/sobre-mim\/\">\n\t\t\t\t\t\t<span class=\"elementor-button-content-wrapper\">\n\t\t\t\t\t\t\t\t\t<span class=\"elementor-button-text\">sobre Simone <\/span>\n\t\t\t\t\t<\/span>\n\t\t\t\t\t<\/a>\n\t\t\t\t<\/div>\n\t\t\t\t\t\t\t\t<\/div>\n\t\t\t\t<\/div>\n\t\t\t\t<\/div>\n\t\t\t\t<\/div>\n\t\t\t\t\t<\/div>\n\t\t\t\t<\/div>\n\t\t<div class=\"elementor-element elementor-element-98004c8 e-con-full e-flex e-con e-parent\" data-id=\"98004c8\" data-element_type=\"container\" data-e-type=\"container\">\n\t\t<div class=\"elementor-element elementor-element-9e553cf e-flex e-con-boxed e-con e-child\" data-id=\"9e553cf\" data-element_type=\"container\" data-e-type=\"container\">\n\t\t\t\t\t<div class=\"e-con-inner\">\n\t\t<div class=\"elementor-element elementor-element-2c94299 e-con-full e-flex e-con e-child\" data-id=\"2c94299\" data-element_type=\"container\" data-e-type=\"container\">\n\t\t\t\t<div class=\"elementor-element elementor-element-e35e39a elementor-widget elementor-widget-heading\" data-id=\"e35e39a\" data-element_type=\"widget\" data-e-type=\"widget\" data-widget_type=\"heading.default\">\n\t\t\t\t<div class=\"elementor-widget-container\">\n\t\t\t\t\t<h2 class=\"elementor-heading-title elementor-size-default\">Meus Servi\u00e7os<\/h2>\t\t\t\t<\/div>\n\t\t\t\t<\/div>\n\t\t\t\t<div class=\"elementor-element elementor-element-a2634ad elementor-widget elementor-widget-text-editor\" data-id=\"a2634ad\" data-element_type=\"widget\" data-e-type=\"widget\" data-widget_type=\"text-editor.default\">\n\t\t\t\t<div class=\"elementor-widget-container\">\n\t\t\t\t\t\t\t\t\t<p data-start=\"293\" data-end=\"568\">Como planejador de casamentos de luxo, planejo casamentos sob medida, fugas e <strong>destination weddings<\/strong> nos locais mais bonitos da Europa: no <strong>Lago di Lugano<\/strong>, nas praias douradas do <strong>Algarve<\/strong>, <strong>em toda a Alemanha<\/strong> ou em qualquer local que tenha significado para voc\u00ea.<\/p><p data-start=\"570\" data-end=\"789\">Com uma rede exclusiva de parceiros premium, aten\u00e7\u00e3o aos detalhes e um claro senso de atmosfera, criamos um casamento que reflete a sua hist\u00f3ria &#8211; elegante, pessoal e perfeitamente orquestrado.<\/p><p data-start=\"791\" data-end=\"990\">Se voc\u00ea desejar, tamb\u00e9m posso acompanh\u00e1-lo al\u00e9m do dia do casamento e planejar <strong>luas de mel<\/strong> individuais &#8211; por exemplo, em praias paradis\u00edacas <strong>no Brasil<\/strong>, onde sua jornada juntos continuar\u00e1 em grande estilo.<\/p>\t\t\t\t\t\t\t\t<\/div>\n\t\t\t\t<\/div>\n\t\t\t\t<\/div>\n\t\t\t\t\t<\/div>\n\t\t\t\t<\/div>\n\t\t<div class=\"elementor-element elementor-element-8565de2 e-con-full e-flex e-con e-child\" data-id=\"8565de2\" data-element_type=\"container\" data-e-type=\"container\">\n\t\t<div class=\"elementor-element elementor-element-bd34fb0 animated-slow e-flex e-con-boxed e-con e-child\" data-id=\"bd34fb0\" data-element_type=\"container\" data-e-type=\"container\" data-settings=\"{&quot;background_background&quot;:&quot;classic&quot;,&quot;animation&quot;:&quot;none&quot;,&quot;animation_delay&quot;:200,&quot;shape_divider_top&quot;:&quot;waves&quot;}\">\n\t\t\t\t\t<div class=\"e-con-inner\">\n\t\t\t\t<div class=\"elementor-shape elementor-shape-top\" aria-hidden=\"true\" data-negative=\"false\">\n\t\t\t<svg xmlns=\"http:\/\/www.w3.org\/2000\/svg\" viewBox=\"0 0 1000 100\" preserveAspectRatio=\"none\">\n\t<path class=\"elementor-shape-fill\" d=\"M421.9,6.5c22.6-2.5,51.5,0.4,75.5,5.3c23.6,4.9,70.9,23.5,100.5,35.7c75.8,32.2,133.7,44.5,192.6,49.7\n\tc23.6,2.1,48.7,3.5,103.4-2.5c54.7-6,106.2-25.6,106.2-25.6V0H0v30.3c0,0,72,32.6,158.4,30.5c39.2-0.7,92.8-6.7,134-22.4\n\tc21.2-8.1,52.2-18.2,79.7-24.2C399.3,7.9,411.6,7.5,421.9,6.5z\"\/>\n<\/svg>\t\t<\/div>\n\t\t<div class=\"elementor-element elementor-element-c79c859 e-con-full e-flex e-con e-child\" data-id=\"c79c859\" data-element_type=\"container\" data-e-type=\"container\">\n\t\t\t\t<div class=\"elementor-element elementor-element-74911c5 elementor-widget__width-initial elementor-widget-mobile__width-initial elementor-widget elementor-widget-image\" data-id=\"74911c5\" data-element_type=\"widget\" data-e-type=\"widget\" data-widget_type=\"image.default\">\n\t\t\t\t<div class=\"elementor-widget-container\">\n\t\t\t\t\t\t\t\t\t\t\t\t\t\t\t<img decoding=\"async\" width=\"683\" height=\"1024\" src=\"https:\/\/events-von-rath.de\/wp-content\/uploads\/2025\/05\/junior-reis-xMDo8y776uE-unsplash-683x1024.webp\" class=\"attachment-large size-large wp-image-7255\" alt=\"Casamento 1\" srcset=\"https:\/\/events-von-rath.de\/wp-content\/uploads\/2025\/05\/junior-reis-xMDo8y776uE-unsplash-683x1024.webp 683w, https:\/\/events-von-rath.de\/wp-content\/uploads\/2025\/05\/junior-reis-xMDo8y776uE-unsplash-200x300.webp 200w, https:\/\/events-von-rath.de\/wp-content\/uploads\/2025\/05\/junior-reis-xMDo8y776uE-unsplash-768x1152.webp 768w, https:\/\/events-von-rath.de\/wp-content\/uploads\/2025\/05\/junior-reis-xMDo8y776uE-unsplash-1024x1536.webp 1024w, https:\/\/events-von-rath.de\/wp-content\/uploads\/2025\/05\/junior-reis-xMDo8y776uE-unsplash-scaled.webp 1280w\" sizes=\"(max-width: 683px) 100vw, 683px\" \/>\t\t\t\t\t\t\t\t\t\t\t\t\t\t\t<\/div>\n\t\t\t\t<\/div>\n\t\t\t\t<div class=\"elementor-element elementor-element-ff59d49 elementor-cta--layout-image-above elementor-cta--valign-middle elementor-cta--skin-classic elementor-animated-content elementor-bg-transform elementor-bg-transform-zoom-in elementor-widget elementor-widget-call-to-action\" data-id=\"ff59d49\" data-element_type=\"widget\" data-e-type=\"widget\" data-widget_type=\"call-to-action.default\">\n\t\t\t\t<div class=\"elementor-widget-container\">\n\t\t\t\t\t\t\t<div class=\"elementor-cta\">\n\t\t\t\t\t\t\t<div class=\"elementor-cta__content\">\n\t\t\t\t\n\t\t\t\t\t\t\t\t\t<h3 class=\"elementor-cta__title elementor-cta__content-item elementor-content-item\">\n\t\t\t\t\t\tPlanejamento de Casamento\t\t\t\t\t<\/h3>\n\t\t\t\t\n\t\t\t\t\t\t\t\t\t<div class=\"elementor-cta__description elementor-cta__content-item elementor-content-item\">\n\t\t\t\t\t\tSeu casamento deve ser mais do que um dia bonito \u2013 deve refletir voc\u00eas, emocionar e permanecer na mem\u00f3ria. Acompanho voc\u00eas neste caminho com um ouvido atento, uma sensibilidade refinada para detalhes e um conceito bem pensado que combina exatamente com voc\u00eas. Seja local, fornecedores ou or\u00e7amento \u2013 assumo a organiza\u00e7\u00e3o para que voc\u00eas possam relaxar e desfrutar de cada momento.  \t\t\t\t\t<\/div>\n\t\t\t\t\n\t\t\t\t\t\t\t\t\t<div class=\"elementor-cta__button-wrapper elementor-cta__content-item elementor-content-item \">\n\t\t\t\t\t<a class=\"elementor-cta__button elementor-button elementor-size-\" href=\"https:\/\/events-von-rath.de\/pt-br\/planejamento-de-casamento\/\">\n\t\t\t\t\t\tpara o planeamento de casamentos\t\t\t\t\t<\/a>\n\t\t\t\t\t<\/div>\n\t\t\t\t\t\t\t<\/div>\n\t\t\t\t\t\t<\/div>\n\t\t\t\t\t\t<\/div>\n\t\t\t\t<\/div>\n\t\t\t\t<\/div>\n\t\t\t\t\t<\/div>\n\t\t\t\t<\/div>\n\t\t<div class=\"elementor-element elementor-element-5eb10cb e-flex e-con-boxed e-con e-child\" data-id=\"5eb10cb\" data-element_type=\"container\" data-e-type=\"container\" data-settings=\"{&quot;background_background&quot;:&quot;classic&quot;,&quot;shape_divider_bottom&quot;:&quot;waves&quot;,&quot;shape_divider_top&quot;:&quot;waves&quot;}\">\n\t\t\t\t\t<div class=\"e-con-inner\">\n\t\t\t\t<div class=\"elementor-shape elementor-shape-top\" aria-hidden=\"true\" data-negative=\"false\">\n\t\t\t<svg xmlns=\"http:\/\/www.w3.org\/2000\/svg\" viewBox=\"0 0 1000 100\" preserveAspectRatio=\"none\">\n\t<path class=\"elementor-shape-fill\" d=\"M421.9,6.5c22.6-2.5,51.5,0.4,75.5,5.3c23.6,4.9,70.9,23.5,100.5,35.7c75.8,32.2,133.7,44.5,192.6,49.7\n\tc23.6,2.1,48.7,3.5,103.4-2.5c54.7-6,106.2-25.6,106.2-25.6V0H0v30.3c0,0,72,32.6,158.4,30.5c39.2-0.7,92.8-6.7,134-22.4\n\tc21.2-8.1,52.2-18.2,79.7-24.2C399.3,7.9,411.6,7.5,421.9,6.5z\"\/>\n<\/svg>\t\t<\/div>\n\t\t\t\t<div class=\"elementor-shape elementor-shape-bottom\" aria-hidden=\"true\" data-negative=\"false\">\n\t\t\t<svg xmlns=\"http:\/\/www.w3.org\/2000\/svg\" viewBox=\"0 0 1000 100\" preserveAspectRatio=\"none\">\n\t<path class=\"elementor-shape-fill\" d=\"M421.9,6.5c22.6-2.5,51.5,0.4,75.5,5.3c23.6,4.9,70.9,23.5,100.5,35.7c75.8,32.2,133.7,44.5,192.6,49.7\n\tc23.6,2.1,48.7,3.5,103.4-2.5c54.7-6,106.2-25.6,106.2-25.6V0H0v30.3c0,0,72,32.6,158.4,30.5c39.2-0.7,92.8-6.7,134-22.4\n\tc21.2-8.1,52.2-18.2,79.7-24.2C399.3,7.9,411.6,7.5,421.9,6.5z\"\/>\n<\/svg>\t\t<\/div>\n\t\t<div class=\"elementor-element elementor-element-d343fa6 e-con-full e-flex e-con e-child\" data-id=\"d343fa6\" data-element_type=\"container\" data-e-type=\"container\">\n\t\t<div class=\"elementor-element elementor-element-b71eb29 e-con-full e-flex e-con e-child\" data-id=\"b71eb29\" data-element_type=\"container\" data-e-type=\"container\">\n\t\t\t\t<div class=\"elementor-element elementor-element-4f39c35 elementor-cta--layout-image-above elementor-cta--valign-middle elementor-cta--skin-classic elementor-animated-content elementor-bg-transform elementor-bg-transform-zoom-in elementor-widget elementor-widget-call-to-action\" data-id=\"4f39c35\" data-element_type=\"widget\" data-e-type=\"widget\" data-widget_type=\"call-to-action.default\">\n\t\t\t\t<div class=\"elementor-widget-container\">\n\t\t\t\t\t\t\t<div class=\"elementor-cta\">\n\t\t\t\t\t\t\t<div class=\"elementor-cta__content\">\n\t\t\t\t\n\t\t\t\t\t\t\t\t\t<h3 class=\"elementor-cta__title elementor-cta__content-item elementor-content-item\">\n\t\t\t\t\t\tLua de Mel e Celebra\u00e7\u00e3o Privada no Brasil\t\t\t\t\t<\/h3>\n\t\t\t\t\n\t\t\t\t\t\t\t\t\t<div class=\"elementor-cta__description elementor-cta__content-item elementor-content-item\">\n\t\t\t\t\t\tDescobrir o Brasil, mas sem compromissos no conforto e servi\u00e7o? Planeio sua viagem com o m\u00e1ximo de qualidade: acomoda\u00e7\u00f5es selecionadas, transfers privados e experi\u00eancias exclusivas \u2013 tudo adaptado aos seus desejos. Gra\u00e7as \u00e0 minha rede local, voc\u00ea desfruta de atendimento pessoal e pode relaxar completamente. Assim seu destino dos sonhos se torna uma experi\u00eancia inesquec\u00edvel \u2013 elegante, segura e \u00fanica.   \t\t\t\t\t<\/div>\n\t\t\t\t\n\t\t\t\t\t\t\t\t\t<div class=\"elementor-cta__button-wrapper elementor-cta__content-item elementor-content-item \">\n\t\t\t\t\t<a class=\"elementor-cta__button elementor-button elementor-size-\" href=\"https:\/\/events-von-rath.de\/pt-br\/comemorando-no-brasil\/\">\n\t\t\t\t\t\tSim, eu quero isso \t\t\t\t\t<\/a>\n\t\t\t\t\t<\/div>\n\t\t\t\t\t\t\t<\/div>\n\t\t\t\t\t\t<\/div>\n\t\t\t\t\t\t<\/div>\n\t\t\t\t<\/div>\n\t\t\t\t<div class=\"elementor-element elementor-element-16b6f3d elementor-widget__width-initial elementor-widget-mobile__width-initial elementor-widget elementor-widget-image\" data-id=\"16b6f3d\" data-element_type=\"widget\" data-e-type=\"widget\" data-widget_type=\"image.default\">\n\t\t\t\t<div class=\"elementor-widget-container\">\n\t\t\t\t\t\t\t\t\t\t\t\t\t\t\t<img decoding=\"async\" width=\"800\" height=\"534\" src=\"https:\/\/events-von-rath.de\/wp-content\/uploads\/2025\/05\/brazilien_rath-1024x683.jpg\" class=\"attachment-large size-large wp-image-7260\" alt=\"\" srcset=\"https:\/\/events-von-rath.de\/wp-content\/uploads\/2025\/05\/brazilien_rath-1024x683.jpg 1024w, https:\/\/events-von-rath.de\/wp-content\/uploads\/2025\/05\/brazilien_rath-300x200.jpg 300w, https:\/\/events-von-rath.de\/wp-content\/uploads\/2025\/05\/brazilien_rath-768x512.jpg 768w, https:\/\/events-von-rath.de\/wp-content\/uploads\/2025\/05\/brazilien_rath-1536x1024.jpg 1536w, https:\/\/events-von-rath.de\/wp-content\/uploads\/2025\/05\/brazilien_rath-2048x1365.jpg 2048w\" sizes=\"(max-width: 800px) 100vw, 800px\" \/>\t\t\t\t\t\t\t\t\t\t\t\t\t\t\t<\/div>\n\t\t\t\t<\/div>\n\t\t\t\t<\/div>\n\t\t\t\t<\/div>\n\t\t\t\t\t<\/div>\n\t\t\t\t<\/div>\n\t\t<div class=\"elementor-element elementor-element-1de3ca8 e-con-full e-flex e-con e-child\" data-id=\"1de3ca8\" data-element_type=\"container\" data-e-type=\"container\" data-settings=\"{&quot;background_background&quot;:&quot;classic&quot;,&quot;shape_divider_bottom&quot;:&quot;waves&quot;}\">\n\t\t\t\t<div class=\"elementor-shape elementor-shape-bottom\" aria-hidden=\"true\" data-negative=\"false\">\n\t\t\t<svg xmlns=\"http:\/\/www.w3.org\/2000\/svg\" viewBox=\"0 0 1000 100\" preserveAspectRatio=\"none\">\n\t<path class=\"elementor-shape-fill\" d=\"M421.9,6.5c22.6-2.5,51.5,0.4,75.5,5.3c23.6,4.9,70.9,23.5,100.5,35.7c75.8,32.2,133.7,44.5,192.6,49.7\n\tc23.6,2.1,48.7,3.5,103.4-2.5c54.7-6,106.2-25.6,106.2-25.6V0H0v30.3c0,0,72,32.6,158.4,30.5c39.2-0.7,92.8-6.7,134-22.4\n\tc21.2-8.1,52.2-18.2,79.7-24.2C399.3,7.9,411.6,7.5,421.9,6.5z\"\/>\n<\/svg>\t\t<\/div>\n\t\t<div class=\"elementor-element elementor-element-3d7a089 e-con-full e-flex e-con e-child\" data-id=\"3d7a089\" data-element_type=\"container\" data-e-type=\"container\">\n\t\t<div class=\"elementor-element elementor-element-8744cf2 e-con-full e-flex e-con e-child\" data-id=\"8744cf2\" data-element_type=\"container\" data-e-type=\"container\">\n\t\t\t\t<div class=\"elementor-element elementor-element-a914f95 elementor-widget__width-initial elementor-widget-mobile__width-initial elementor-widget elementor-widget-image\" data-id=\"a914f95\" data-element_type=\"widget\" data-e-type=\"widget\" data-widget_type=\"image.default\">\n\t\t\t\t<div class=\"elementor-widget-container\">\n\t\t\t\t\t\t\t\t\t\t\t\t\t\t\t<img loading=\"lazy\" decoding=\"async\" width=\"683\" height=\"1024\" src=\"https:\/\/events-von-rath.de\/wp-content\/uploads\/2025\/05\/chris-reyem-WNU1qDUIzIU-unsplash-683x1024.jpg\" class=\"attachment-large size-large wp-image-7257\" alt=\"\" srcset=\"https:\/\/events-von-rath.de\/wp-content\/uploads\/2025\/05\/chris-reyem-WNU1qDUIzIU-unsplash-683x1024.jpg 683w, https:\/\/events-von-rath.de\/wp-content\/uploads\/2025\/05\/chris-reyem-WNU1qDUIzIU-unsplash-200x300.jpg 200w, https:\/\/events-von-rath.de\/wp-content\/uploads\/2025\/05\/chris-reyem-WNU1qDUIzIU-unsplash-768x1152.jpg 768w, https:\/\/events-von-rath.de\/wp-content\/uploads\/2025\/05\/chris-reyem-WNU1qDUIzIU-unsplash-1024x1536.jpg 1024w, https:\/\/events-von-rath.de\/wp-content\/uploads\/2025\/05\/chris-reyem-WNU1qDUIzIU-unsplash-1365x2048.jpg 1365w, https:\/\/events-von-rath.de\/wp-content\/uploads\/2025\/05\/chris-reyem-WNU1qDUIzIU-unsplash-scaled.jpg 1707w\" sizes=\"(max-width: 683px) 100vw, 683px\" \/>\t\t\t\t\t\t\t\t\t\t\t\t\t\t\t<\/div>\n\t\t\t\t<\/div>\n\t\t\t\t<div class=\"elementor-element elementor-element-c0b3b3d elementor-cta--layout-image-above elementor-cta--valign-middle elementor-cta--skin-classic elementor-animated-content elementor-bg-transform elementor-bg-transform-zoom-in elementor-widget elementor-widget-call-to-action\" data-id=\"c0b3b3d\" data-element_type=\"widget\" data-e-type=\"widget\" data-widget_type=\"call-to-action.default\">\n\t\t\t\t<div class=\"elementor-widget-container\">\n\t\t\t\t\t\t\t<div class=\"elementor-cta\">\n\t\t\t\t\t\t\t<div class=\"elementor-cta__content\">\n\t\t\t\t\n\t\t\t\t\t\t\t\t\t<h3 class=\"elementor-cta__title elementor-cta__content-item elementor-content-item\">\n\t\t\t\t\t\tEventos Privados &amp; Empresariais\t\t\t\t\t<\/h3>\n\t\t\t\t\n\t\t\t\t\t\t\t\t\t<div class=\"elementor-cta__description elementor-cta__content-item elementor-content-item\">\n\t\t\t\t\t\tVoc\u00eas desejam organizar uma celebra\u00e7\u00e3o que entusiasme e permane\u00e7a na mem\u00f3ria por muito tempo? Seja anivers\u00e1rio, jubileu, despedida de solteiro ou batizado \u2013 desenvolvo um conceito \u00fanico que reflete sua personalidade. Mesmo pequenas celebra\u00e7\u00f5es podem significar grande esfor\u00e7o. Assumo o planeamento para que voc\u00eas possam se concentrar completamente no essencial: a experi\u00eancia compartilhada e a alegria do seu dia especial. Se voc\u00eas preferem ser anfitri\u00f5es e convidados ao mesmo tempo, estou ao seu lado. Tamb\u00e9m no contexto empresarial s\u00e3o necess\u00e1rios momentos especiais. Seja um evento corporativo, uma confer\u00eancia ou uma festa de fim de ano festiva \u2013 cuido do planeamento completo. Com experi\u00eancia, senso est\u00e9tico e olho para a qualidade, transformo seu evento empresarial numa experi\u00eancia harmoniosa \u2013 para seus convidados, sua equipe e sua empresa.\nFico feliz em ouvir de voc\u00eas.       \t\t\t\t\t<\/div>\n\t\t\t\t\n\t\t\t\t\t\t\t\t\t<div class=\"elementor-cta__button-wrapper elementor-cta__content-item elementor-content-item \">\n\t\t\t\t\t<a class=\"elementor-cta__button elementor-button elementor-size-\" href=\"https:\/\/events-von-rath.de\/pt-br\/eventos-privados\/\">\n\t\t\t\t\t\tEventos Privados &amp; Empresariais\t\t\t\t\t<\/a>\n\t\t\t\t\t<\/div>\n\t\t\t\t\t\t\t<\/div>\n\t\t\t\t\t\t<\/div>\n\t\t\t\t\t\t<\/div>\n\t\t\t\t<\/div>\n\t\t\t\t<\/div>\n\t\t\t\t<\/div>\n\t\t\t\t<\/div>\n\t\t\t\t<\/div>\n\t\t\t\t<\/div>\n\t\t<div class=\"elementor-element elementor-element-292161d2 e-flex e-con-boxed e-con e-parent\" data-id=\"292161d2\" data-element_type=\"container\" data-e-type=\"container\" data-settings=\"{&quot;background_background&quot;:&quot;classic&quot;}\">\n\t\t\t\t\t<div class=\"e-con-inner\">\n\t\t<div class=\"elementor-element elementor-element-872c633 e-con-full e-flex e-con e-child\" data-id=\"872c633\" data-element_type=\"container\" data-e-type=\"container\">\n\t\t\t\t<div class=\"elementor-element elementor-element-ad94d45 elementor-widget elementor-widget-heading\" data-id=\"ad94d45\" data-element_type=\"widget\" data-e-type=\"widget\" data-widget_type=\"heading.default\">\n\t\t\t\t<div class=\"elementor-widget-container\">\n\t\t\t\t\t<h2 class=\"elementor-heading-title elementor-size-default\">Meus Pacotes <\/h2>\t\t\t\t<\/div>\n\t\t\t\t<\/div>\n\t\t\t\t<div class=\"elementor-element elementor-element-8922c95 elementor-widget elementor-widget-text-editor\" data-id=\"8922c95\" data-element_type=\"widget\" data-e-type=\"widget\" data-widget_type=\"text-editor.default\">\n\t\t\t\t<div class=\"elementor-widget-container\">\n\t\t\t\t\t\t\t\t\t<div class=\"\" data-block=\"true\" data-editor=\"2577k\" data-offset-key=\"54rl2-0-0\"><div class=\"public-DraftStyleDefault-block public-DraftStyleDefault-ltr\" data-offset-key=\"54rl2-0-0\"><p data-key=\"2188Q\" data-pm-slice=\"1 1 []\">Seja celebra\u00e7\u00e3o \u00edntima, grande casamento ou evento empresarial elegante \u2013 ofere\u00e7o pacotes flex\u00edveis que se adaptam \u00e0s suas necessidades. Desde consultoria pontual at\u00e9 servi\u00e7o completo sem preocupa\u00e7\u00f5es: voc\u00ea decide quanta assist\u00eancia precisa e recebe exatamente o que combina com voc\u00ea, sua ocasi\u00e3o e seu or\u00e7amento.<br>Com experi\u00eancia, criatividade e um ouvido atento, organizo cada pacote para que voc\u00ea possa se concentrar completamente no essencial: desfrutar do momento.<br>Para meus pacotes: <\/p><\/div><\/div>\t\t\t\t\t\t\t\t<\/div>\n\t\t\t\t<\/div>\n\t\t\t\t<\/div>\n\t\t<div class=\"elementor-element elementor-element-9f22cf5 e-con-full e-flex e-con e-child\" data-id=\"9f22cf5\" data-element_type=\"container\" data-e-type=\"container\">\n\t\t\t\t<div class=\"elementor-element elementor-element-d695b6f elementor-cta--skin-cover elementor-cta--valign-middle elementor-widget__width-initial elementor-bg-transform elementor-bg-transform-zoom-in elementor-widget elementor-widget-call-to-action\" data-id=\"d695b6f\" data-element_type=\"widget\" data-e-type=\"widget\" data-widget_type=\"call-to-action.default\">\n\t\t\t\t<div class=\"elementor-widget-container\">\n\t\t\t\t\t\t\t<a class=\"elementor-cta\" href=\"https:\/\/events-von-rath.de\/pt-br\/pacotes\/#Komplettplanung%20\">\n\t\t\t\t\t<div class=\"elementor-cta__bg-wrapper\">\n\t\t\t\t<div class=\"elementor-cta__bg elementor-bg\" style=\"background-image: url(https:\/\/events-von-rath.de\/wp-content\/uploads\/2025\/05\/samantha-gades-TVYRlH_L3cQ-unsplash-684x1024.jpg);\" role=\"img\" aria-label=\"Eventos de Rath\"><\/div>\n\t\t\t\t<div class=\"elementor-cta__bg-overlay\"><\/div>\n\t\t\t<\/div>\n\t\t\t\t\t\t\t<div class=\"elementor-cta__content\">\n\t\t\t\t\n\t\t\t\t\t\t\t\t\t<h3 class=\"elementor-cta__title elementor-cta__content-item elementor-content-item\">\n\t\t\t\t\t\tPlaneamento Completo\t\t\t\t\t<\/h3>\n\t\t\t\t\n\t\t\t\t\n\t\t\t\t\t\t\t<\/div>\n\t\t\t\t\t\t<\/a>\n\t\t\t\t\t\t<\/div>\n\t\t\t\t<\/div>\n\t\t\t\t<div class=\"elementor-element elementor-element-267b8cd elementor-cta--skin-cover elementor-cta--valign-middle elementor-widget__width-initial elementor-bg-transform elementor-bg-transform-zoom-in elementor-widget elementor-widget-call-to-action\" data-id=\"267b8cd\" data-element_type=\"widget\" data-e-type=\"widget\" data-widget_type=\"call-to-action.default\">\n\t\t\t\t<div class=\"elementor-widget-container\">\n\t\t\t\t\t\t\t<a class=\"elementor-cta\" href=\"https:\/\/events-von-rath.de\/pt-br\/pacotes\/#teilplanung\">\n\t\t\t\t\t<div class=\"elementor-cta__bg-wrapper\">\n\t\t\t\t<div class=\"elementor-cta__bg elementor-bg\" style=\"background-image: url(https:\/\/events-von-rath.de\/wp-content\/uploads\/2025\/05\/teilplanung_rath-683x1024.jpg);\" role=\"img\" aria-label=\"teilplanung_rath\"><\/div>\n\t\t\t\t<div class=\"elementor-cta__bg-overlay\"><\/div>\n\t\t\t<\/div>\n\t\t\t\t\t\t\t<div class=\"elementor-cta__content\">\n\t\t\t\t\n\t\t\t\t\t\t\t\t\t<h3 class=\"elementor-cta__title elementor-cta__content-item elementor-content-item\">\n\t\t\t\t\t\tPlaneamento Parcial\t\t\t\t\t<\/h3>\n\t\t\t\t\n\t\t\t\t\n\t\t\t\t\t\t\t<\/div>\n\t\t\t\t\t\t<\/a>\n\t\t\t\t\t\t<\/div>\n\t\t\t\t<\/div>\n\t\t\t\t<div class=\"elementor-element elementor-element-fb7a401 elementor-cta--skin-cover elementor-cta--valign-middle elementor-widget__width-initial elementor-bg-transform elementor-bg-transform-zoom-in elementor-widget elementor-widget-call-to-action\" data-id=\"fb7a401\" data-element_type=\"widget\" data-e-type=\"widget\" data-widget_type=\"call-to-action.default\">\n\t\t\t\t<div class=\"elementor-widget-container\">\n\t\t\t\t\t\t\t<div class=\"elementor-cta\">\n\t\t\t\t\t<div class=\"elementor-cta__bg-wrapper\">\n\t\t\t\t<div class=\"elementor-cta__bg elementor-bg\" style=\"background-image: url(https:\/\/events-von-rath.de\/wp-content\/uploads\/2025\/05\/jaakko-perala-u0bnFmPQrYo-unsplash-791x1024.jpg);\" role=\"img\" aria-label=\"Planejamento de anivers\u00e1rio\"><\/div>\n\t\t\t\t<div class=\"elementor-cta__bg-overlay\"><\/div>\n\t\t\t<\/div>\n\t\t\t\t\t\t\t<div class=\"elementor-cta__content\">\n\t\t\t\t\n\t\t\t\t\t\t\t\t\t<h3 class=\"elementor-cta__title elementor-cta__content-item elementor-content-item\">\n\t\t\t\t\t\tAtendimento no Dia do Casamento\t\t\t\t\t<\/h3>\n\t\t\t\t\n\t\t\t\t\n\t\t\t\t\t\t\t<\/div>\n\t\t\t\t\t\t<\/div>\n\t\t\t\t\t\t<\/div>\n\t\t\t\t<\/div>\n\t\t\t\t<div class=\"elementor-element elementor-element-d9eaa40 elementor-cta--skin-cover elementor-cta--valign-middle elementor-widget__width-initial elementor-bg-transform elementor-bg-transform-zoom-in elementor-widget elementor-widget-call-to-action\" data-id=\"d9eaa40\" data-element_type=\"widget\" data-e-type=\"widget\" data-widget_type=\"call-to-action.default\">\n\t\t\t\t<div class=\"elementor-widget-container\">\n\t\t\t\t\t\t\t<div class=\"elementor-cta\">\n\t\t\t\t\t<div class=\"elementor-cta__bg-wrapper\">\n\t\t\t\t<div class=\"elementor-cta__bg elementor-bg\" style=\"background-image: url(https:\/\/events-von-rath.de\/wp-content\/uploads\/2025\/05\/alekon-pictures-yj4kwA4h_Ms-unsplash-683x1024.jpg);\" role=\"img\" aria-label=\"Compromisso perfeito\"><\/div>\n\t\t\t\t<div class=\"elementor-cta__bg-overlay\"><\/div>\n\t\t\t<\/div>\n\t\t\t\t\t\t\t<div class=\"elementor-cta__content\">\n\t\t\t\t\n\t\t\t\t\t\t\t\t\t<h3 class=\"elementor-cta__title elementor-cta__content-item elementor-content-item\">\n\t\t\t\t\t\tCoaching de Casamento\t\t\t\t\t<\/h3>\n\t\t\t\t\n\t\t\t\t\n\t\t\t\t\t\t\t<\/div>\n\t\t\t\t\t\t<\/div>\n\t\t\t\t\t\t<\/div>\n\t\t\t\t<\/div>\n\t\t\t\t<\/div>\n\t\t\t\t<div class=\"elementor-element elementor-element-2648de9 elementor-align-center elementor-widget elementor-widget-button\" data-id=\"2648de9\" data-element_type=\"widget\" data-e-type=\"widget\" data-settings=\"{&quot;_animation&quot;:&quot;none&quot;}\" data-widget_type=\"button.default\">\n\t\t\t\t<div class=\"elementor-widget-container\">\n\t\t\t\t\t\t\t\t\t<div class=\"elementor-button-wrapper\">\n\t\t\t\t\t<a class=\"elementor-button elementor-button-link elementor-size-sm elementor-animation-grow\" href=\"https:\/\/events-von-rath.de\/pt-br\/pacotes\/\">\n\t\t\t\t\t\t<span class=\"elementor-button-content-wrapper\">\n\t\t\t\t\t\t\t\t\t<span class=\"elementor-button-text\">Vis\u00e3o Geral dos Pacotes<\/span>\n\t\t\t\t\t<\/span>\n\t\t\t\t\t<\/a>\n\t\t\t\t<\/div>\n\t\t\t\t\t\t\t\t<\/div>\n\t\t\t\t<\/div>\n\t\t\t\t\t<\/div>\n\t\t\t\t<\/div>\n\t\t<div class=\"elementor-element elementor-element-f933eec e-flex e-con-boxed e-con e-parent\" data-id=\"f933eec\" data-element_type=\"container\" data-e-type=\"container\" data-settings=\"{&quot;background_background&quot;:&quot;classic&quot;,&quot;shape_divider_top&quot;:&quot;waves&quot;,&quot;shape_divider_top_negative&quot;:&quot;yes&quot;,&quot;shape_divider_bottom&quot;:&quot;waves&quot;,&quot;shape_divider_bottom_negative&quot;:&quot;yes&quot;}\">\n\t\t\t\t\t<div class=\"e-con-inner\">\n\t\t\t\t<div class=\"elementor-shape elementor-shape-top\" aria-hidden=\"true\" data-negative=\"true\">\n\t\t\t<svg xmlns=\"http:\/\/www.w3.org\/2000\/svg\" viewBox=\"0 0 1000 100\" preserveAspectRatio=\"none\">\n\t<path class=\"elementor-shape-fill\" d=\"M790.5,93.1c-59.3-5.3-116.8-18-192.6-50c-29.6-12.7-76.9-31-100.5-35.9c-23.6-4.9-52.6-7.8-75.5-5.3\n\tc-10.2,1.1-22.6,1.4-50.1,7.4c-27.2,6.3-58.2,16.6-79.4,24.7c-41.3,15.9-94.9,21.9-134,22.6C72,58.2,0,25.8,0,25.8V100h1000V65.3\n\tc0,0-51.5,19.4-106.2,25.7C839.5,97,814.1,95.2,790.5,93.1z\"\/>\n<\/svg>\t\t<\/div>\n\t\t\t\t<div class=\"elementor-shape elementor-shape-bottom\" aria-hidden=\"true\" data-negative=\"true\">\n\t\t\t<svg xmlns=\"http:\/\/www.w3.org\/2000\/svg\" viewBox=\"0 0 1000 100\" preserveAspectRatio=\"none\">\n\t<path class=\"elementor-shape-fill\" d=\"M790.5,93.1c-59.3-5.3-116.8-18-192.6-50c-29.6-12.7-76.9-31-100.5-35.9c-23.6-4.9-52.6-7.8-75.5-5.3\n\tc-10.2,1.1-22.6,1.4-50.1,7.4c-27.2,6.3-58.2,16.6-79.4,24.7c-41.3,15.9-94.9,21.9-134,22.6C72,58.2,0,25.8,0,25.8V100h1000V65.3\n\tc0,0-51.5,19.4-106.2,25.7C839.5,97,814.1,95.2,790.5,93.1z\"\/>\n<\/svg>\t\t<\/div>\n\t\t\t\t<div class=\"elementor-element elementor-element-eae951a elementor-widget elementor-widget-html\" data-id=\"eae951a\" data-element_type=\"widget\" data-e-type=\"widget\" data-widget_type=\"html.default\">\n\t\t\t\t<div class=\"elementor-widget-container\">\n\t\t\t\t\t<div class=\"evr-reviews\" aria-label=\"Kundenstimmen \/ Client Reviews\">\r\n\r\n  <div class=\"evr-reviews__header\">\r\n    <h3 class=\"evr-reviews__title\">Depoimentos de clientes<\/h3>\r\n    <a class=\"evr-reviews__google-btn\" href=\"https:\/\/www.google.com\/search?q=Wedding+%26+Events+von+Rath\" target=\"_blank\" rel=\"noopener\">Veja as avalia\u00e7\u00f5es do Google \u2192 voc\u00ea pode ver as avalia\u00e7\u00f5es do Google.<\/a>\r\n  <\/div>\r\n\r\n  <div class=\"evr-reviews__viewport\" tabindex=\"0\">\r\n    <div class=\"evr-reviews__track\">\r\n\r\n      <article class=\"evr-review\">\r\n        <div class=\"evr-review__top\">\r\n          <span class=\"evr-review__stars\" aria-hidden=\"true\">\u2605\u2605\u2605\u2605\u2605<\/span>\r\n          <span class=\"evr-review__badge\">Avalia\u00e7\u00e3o do Google<\/span>\r\n        <\/div>\r\n        <p class=\"evr-review__text\">\"Simplesmente o m\u00e1ximo... Talentoso, apaixonado e caloroso\" <\/p>\r\n        <p class=\"evr-review__meta\"><strong>Anna<\/strong> - D\u00fcsseldorf<\/p>\r\n      <\/article>\r\n\r\n      <article class=\"evr-review\">\r\n        <div class=\"evr-review__top\">\r\n          <span class=\"evr-review__stars\" aria-hidden=\"true\">\u2605\u2605\u2605\u2605\u2605<\/span>\r\n          <span class=\"evr-review__badge\">Avalia\u00e7\u00e3o do Google<\/span>\r\n        <\/div>\r\n        <p class=\"evr-review__text\">\"Eu recomendo muito! Uma comemora\u00e7\u00e3o de anivers\u00e1rio muito elegante, bonita e bem organizada! \u00c9 especial celebrar os entes queridos com tanto cuidado.\"  <\/p>\r\n        <p class=\"evr-review__meta\"><strong>Zoe<\/strong> - Londres<\/p>\r\n      <\/article>\r\n\r\n      <article class=\"evr-review\">\r\n        <div class=\"evr-review__top\">\r\n          <span class=\"evr-review__stars\" aria-hidden=\"true\">\u2605\u2605\u2605\u2605\u2605<\/span>\r\n          <span class=\"evr-review__badge\">Avalia\u00e7\u00e3o do Google<\/span>\r\n        <\/div>\r\n        <p class=\"evr-review__text\">\"\u00c9 uma alegria comemorar dias especiais com tanto carinho, cuidado e efici\u00eancia. Tudo feito com excel\u00eancia!\" <\/p>\r\n        <p class=\"evr-review__meta\"><strong>Robson &amp; Shirlei<\/strong> - Zurique<\/p>\r\n      <\/article>\r\n\r\n      <article class=\"evr-review\">\r\n        <div class=\"evr-review__top\">\r\n          <span class=\"evr-review__stars\" aria-hidden=\"true\">\u2605\u2605\u2605\u2605\u2605<\/span>\r\n          <span class=\"evr-review__badge\">Avalia\u00e7\u00e3o do Google<\/span>\r\n        <\/div>\r\n        <p class=\"evr-review__text\">\"Simone demonstrou excelentes habilidades de organiza\u00e7\u00e3o e um senso agu\u00e7ado para os desejos dos convidados. Ela garantiu que tudo corresse bem e que todos se sentissem \u00e0 vontade. Foi uma noite cheia de alegria, risadas e lembran\u00e7as maravilhosas.\"  <\/p>\r\n        <p class=\"evr-review__meta\"><strong>Ina<\/strong> - Alemanha<\/p>\r\n      <\/article>\r\n\r\n    <\/div>\r\n  <\/div>\r\n\r\n  <div class=\"evr-reviews__controls\">\r\n    <button class=\"evr-btn\" data-dir=\"-1\" aria-label=\"Zur\u00fcck\">'<\/button>\r\n    <button class=\"evr-btn\" data-dir=\"1\" aria-label=\"Weiter\">'<\/button>\r\n  <\/div>\r\n\r\n<style>\r\n.evr-reviews{\r\n  --olive:#556B2F;\r\n  --gold:#c6a24a;\r\n  --ink:#111;\r\n  --muted:rgba(0,0,0,.62);\r\n\r\n  max-width: 98%;\r\n  margin: 0;\r\n  padding: 20px 20px 42px 20px;\r\n  background: #F5F4F0;\r\n  \r\n}\r\n\r\n.evr-reviews__header{\r\n  padding: 6px 6px 14px 6px;\r\n  display: flex;\r\n  flex-direction: column;\r\n  align-items: flex-start;\r\n  gap: 8px;\r\n}\r\n\r\n.evr-reviews__title{\r\n  margin: 0;\r\n  font-size: 22px;\r\n  color: var(--ink);\r\n  letter-spacing: .2px;\r\n}\r\n\r\n\r\n\r\n.evr-reviews__viewport{\r\n  overflow: hidden;\r\n  border-radius: 20px;\r\n  outline: none;\r\n}\r\n\r\n.evr-reviews__track{\r\n  display: flex;\r\n  gap: 14px;\r\n  padding: 8px;\r\n  scroll-behavior: smooth;\r\n  scrollbar-width: none;\r\n  -ms-overflow-style: none;\r\n  overflow-x: auto;\r\n  scroll-snap-type: x mandatory;\r\n  -webkit-overflow-scrolling: touch;\r\n}\r\n\r\n\r\n.evr-review{\r\n  flex: 0 0 calc(100% - 30px);\r\n  background: rgba(255,255,255,.86);\r\n  border: 1px solid rgba(0,0,0,.08);\r\n  border-radius: 20px;\r\n  padding: 16px 16px 10px 16px;\r\n  scroll-snap-align: start;\r\n  box-shadow: 0 14px 30px rgba(0,0,0,.08);\r\n}\r\n\r\n.evr-review__top{\r\n  display: flex;\r\n  align-items: center;\r\n  justify-content: space-between;\r\n  gap: 10px;\r\n  margin-bottom: 10px;\r\n}\r\n\r\n.evr-review__stars{\r\n  color: var(--gold);\r\n  letter-spacing: 2px;\r\n  font-size: 16px;\r\n  line-height: 1;\r\n}\r\n\r\n.evr-review__badge{\r\n  font-size: 11px;\r\n  color: var(--olive);\r\n  border: 1px solid rgba(85,107,47,.25);\r\n  padding: 6px 10px;\r\n  border-radius: 999px;\r\n  background: rgba(85,107,47,.06);\r\n}\r\n\r\n.evr-review__text{\r\n  margin: 0;\r\n  color: rgba(0,0,0,.80);\r\n  font-size: 14px;\r\n  line-height: 1.55;\r\n}\r\n\r\n.evr-review__meta{\r\n  margin: 12px 0 0 0;\r\n  color: rgba(0,0,0,.70);\r\n  font-size: 13px;\r\n}\r\n\r\n.evr-reviews__controls{\r\n  display: flex;\r\n  align-items: center;\r\n  justify-content: center;\r\n  gap: 12px;\r\n  margin-top: 12px;\r\n}\r\n\r\n.evr-btn{\r\n  all: unset;\r\n  box-sizing: border-box;\r\n  width: 24px;\r\n  color: var(--olive);\r\n  font-size: 12px;\r\n  line-height: 12px;\r\n  text-align: center;\r\n  cursor: pointer;\r\n  transition: transform .15s ease, box-shadow .15s ease, filter .15s ease;\r\n  box-shadow: 0 10px 22px rgba(0,0,0,.06);\r\n}\r\n.evr-btn:hover{\r\n  transform: translateY(-1px);\r\n  box-shadow: 0 14px 28px rgba(0,0,0,.10);\r\n  filter: brightness(1.02);\r\n}\r\n\r\n.evr-reviews__google-btn{\r\n  all: unset;\r\n  display: inline-block;\r\n  font-size: 14px !important;\r\n  line-height: 1 !important;\r\n  font-family: system-ui,-apple-system,Segoe UI,Roboto,Helvetica,Arial,sans-serif !important;\r\n  color: var(--olive);\r\n  border: 1px solid rgba(85,107,47,.25);\r\n  padding: 5px 10px;\r\n  border-radius: 999px;\r\n  background: rgba(85,107,47,.06);\r\n  text-decoration: none;\r\n  white-space: nowrap;\r\n  cursor: pointer;\r\n}\r\n.evr-reviews__google-btn:hover{\r\n  text-decoration: underline;\r\n}\r\n\r\n@media (max-width: 820px){\r\n  .evr-review{ flex-basis: 100%; }\r\n}\r\n<\/style>\r\n\r\n<script>\r\n(function(){\r\n  const container = document.currentScript ? document.currentScript.closest('.evr-reviews') : document.querySelector('.evr-reviews');\r\n  if(!container) return;\r\n\r\n  const track = container.querySelector('.evr-reviews__track');\r\n  const cards = Array.from(container.querySelectorAll('.evr-review'));\r\n  const btns = Array.from(container.querySelectorAll('.evr-btn'));\r\n\r\n  function cardWidth(){\r\n    const gap = parseFloat(getComputedStyle(track).gap || '14');\r\n    return cards[0].getBoundingClientRect().width + gap;\r\n  }\r\n\r\n  function scrollToIndex(i){\r\n    track.scrollTo({ left: i * cardWidth(), behavior: 'smooth' });\r\n  }\r\n\r\n  function currentIndex(){\r\n    const w = cardWidth();\r\n    return Math.max(0, Math.min(cards.length-1, Math.round(track.scrollLeft \/ w)));\r\n  }\r\n\r\n  btns.forEach(btn =&gt; {\r\n    btn.addEventListener('click', () =&gt; {\r\n      const dir = parseInt(btn.dataset.dir, 10) || 1;\r\n      const next = currentIndex() + dir;\r\n      scrollToIndex(Math.max(0, Math.min(cards.length-1, next)));\r\n    });\r\n  });\r\n\r\n  const viewport = container.querySelector('.evr-reviews__viewport');\r\n  viewport.addEventListener('keydown', (e) =&gt; {\r\n    if(e.key === 'ArrowRight'){ e.preventDefault(); btns.find(b=&gt;b.dataset.dir===\"1\")?.click(); }\r\n    if(e.key === 'ArrowLeft'){ e.preventDefault(); btns.find(b=&gt;b.dataset.dir===\"-1\")?.click(); }\r\n  });\r\n})();\r\n<\/script>\r\n<\/div>\t\t\t\t<\/div>\n\t\t\t\t<\/div>\n\t\t\t\t\t<\/div>\n\t\t\t\t<\/div>\n\t\t<div class=\"elementor-element elementor-element-c3742f3 e-con-full e-flex e-con e-parent\" data-id=\"c3742f3\" data-element_type=\"container\" data-e-type=\"container\">\n\t\t\t\t<div class=\"elementor-element elementor-element-1298786 elementor-arrows-position-outside elementor-pagination-position-outside elementor-widget elementor-widget-image-carousel\" data-id=\"1298786\" data-element_type=\"widget\" data-e-type=\"widget\" data-settings=\"{&quot;slides_to_show&quot;:&quot;5&quot;,&quot;slides_to_show_tablet&quot;:&quot;2&quot;,&quot;lazyload&quot;:&quot;yes&quot;,&quot;image_spacing_custom&quot;:{&quot;unit&quot;:&quot;px&quot;,&quot;size&quot;:40,&quot;sizes&quot;:[]},&quot;slides_to_show_mobile&quot;:&quot;1&quot;,&quot;navigation&quot;:&quot;both&quot;,&quot;autoplay&quot;:&quot;yes&quot;,&quot;pause_on_hover&quot;:&quot;yes&quot;,&quot;pause_on_interaction&quot;:&quot;yes&quot;,&quot;autoplay_speed&quot;:5000,&quot;infinite&quot;:&quot;yes&quot;,&quot;speed&quot;:500,&quot;image_spacing_custom_tablet&quot;:{&quot;unit&quot;:&quot;px&quot;,&quot;size&quot;:&quot;&quot;,&quot;sizes&quot;:[]}}\" data-widget_type=\"image-carousel.default\">\n\t\t\t\t<div class=\"elementor-widget-container\">\n\t\t\t\t\t\t\t<div class=\"elementor-image-carousel-wrapper swiper\" role=\"region\" aria-roledescription=\"carousel\" aria-label=\"Bild Karussell\" dir=\"ltr\">\n\t\t\t<div class=\"elementor-image-carousel swiper-wrapper\" aria-live=\"off\">\n\t\t\t\t\t\t\t\t<div class=\"swiper-slide\" role=\"group\" aria-roledescription=\"slide\" aria-label=\"1 de 7\"><figure class=\"swiper-slide-inner\"><img class=\"swiper-slide-image swiper-lazy\" data-src=\"https:\/\/events-von-rath.de\/wp-content\/uploads\/2026\/02\/16_featured-150x150.png\" alt=\"16_featured\" \/><div class=\"swiper-lazy-preloader\"><\/div><\/figure><\/div><div class=\"swiper-slide\" role=\"group\" aria-roledescription=\"slide\" aria-label=\"2 de 7\"><figure class=\"swiper-slide-inner\"><img class=\"swiper-slide-image swiper-lazy\" data-src=\"https:\/\/events-von-rath.de\/wp-content\/uploads\/2025\/11\/IMG_0963-150x150.png\" alt=\"IMG_0963\" \/><div class=\"swiper-lazy-preloader\"><\/div><\/figure><\/div><div class=\"swiper-slide\" role=\"group\" aria-roledescription=\"slide\" aria-label=\"3 de 7\"><figure class=\"swiper-slide-inner\"><img class=\"swiper-slide-image swiper-lazy\" data-src=\"https:\/\/events-von-rath.de\/wp-content\/uploads\/2025\/11\/Wedding-Planner-School-300x300-1-150x150.jpg\" alt=\"Wedding-Planner-School-300x300-1\" \/><div class=\"swiper-lazy-preloader\"><\/div><\/figure><\/div><div class=\"swiper-slide\" role=\"group\" aria-roledescription=\"slide\" aria-label=\"4 de 7\"><figure class=\"swiper-slide-inner\"><img class=\"swiper-slide-image swiper-lazy\" data-src=\"https:\/\/events-von-rath.de\/wp-content\/uploads\/2025\/11\/logo-braut-brautgam.png\" alt=\"logotipo-bride-bridegam\" \/><div class=\"swiper-lazy-preloader\"><\/div><\/figure><\/div><div class=\"swiper-slide\" role=\"group\" aria-roledescription=\"slide\" aria-label=\"5 de 7\"><figure class=\"swiper-slide-inner\"><img class=\"swiper-slide-image swiper-lazy\" data-src=\"https:\/\/events-von-rath.de\/wp-content\/uploads\/2025\/02\/1Tet7t1UHYvwbJ-iQBuO-150x150.png\" alt=\"1Tet7t1UHYvwbJ-iQBuO\" \/><div class=\"swiper-lazy-preloader\"><\/div><\/figure><\/div><div class=\"swiper-slide\" role=\"group\" aria-roledescription=\"slide\" aria-label=\"6 de 7\"><figure class=\"swiper-slide-inner\"><img class=\"swiper-slide-image swiper-lazy\" data-src=\"https:\/\/events-von-rath.de\/wp-content\/uploads\/2026\/03\/Siegel_Hochzeitsprofis_Akademie_150-1.webp\" alt=\"Academia_de_Profissionais_de_Selo_de_Casamento_150\" \/><div class=\"swiper-lazy-preloader\"><\/div><\/figure><\/div><div class=\"swiper-slide\" role=\"group\" aria-roledescription=\"slide\" aria-label=\"7 de 7\"><figure class=\"swiper-slide-inner\"><img class=\"swiper-slide-image swiper-lazy\" data-src=\"https:\/\/events-von-rath.de\/wp-content\/uploads\/2026\/03\/lgbtq.webp\" alt=\"lgbtq\" \/><div class=\"swiper-lazy-preloader\"><\/div><\/figure><\/div>\t\t\t<\/div>\n\t\t\t\t\t\t\t\t\t\t\t\t<div class=\"elementor-swiper-button elementor-swiper-button-prev\" role=\"button\" tabindex=\"0\">\n\t\t\t\t\t\t<svg aria-hidden=\"true\" class=\"e-font-icon-svg e-eicon-chevron-left\" viewBox=\"0 0 1000 1000\" xmlns=\"http:\/\/www.w3.org\/2000\/svg\"><path d=\"M646 125C629 125 613 133 604 142L308 442C296 454 292 471 292 487 292 504 296 521 308 533L604 854C617 867 629 875 646 875 663 875 679 871 692 858 704 846 713 829 713 812 713 796 708 779 692 767L438 487 692 225C700 217 708 204 708 187 708 171 704 154 692 142 675 129 663 125 646 125Z\"><\/path><\/svg>\t\t\t\t\t<\/div>\n\t\t\t\t\t<div class=\"elementor-swiper-button elementor-swiper-button-next\" role=\"button\" tabindex=\"0\">\n\t\t\t\t\t\t<svg aria-hidden=\"true\" class=\"e-font-icon-svg e-eicon-chevron-right\" viewBox=\"0 0 1000 1000\" xmlns=\"http:\/\/www.w3.org\/2000\/svg\"><path d=\"M696 533C708 521 713 504 713 487 713 471 708 454 696 446L400 146C388 133 375 125 354 125 338 125 325 129 313 142 300 154 292 171 292 187 292 204 296 221 308 233L563 492 304 771C292 783 288 800 288 817 288 833 296 850 308 863 321 871 338 875 354 875 371 875 388 867 400 854L696 533Z\"><\/path><\/svg>\t\t\t\t\t<\/div>\n\t\t\t\t\n\t\t\t\t\t\t\t\t\t<div class=\"swiper-pagination\"><\/div>\n\t\t\t\t\t\t\t\t\t<\/div>\n\t\t\t\t\t\t<\/div>\n\t\t\t\t<\/div>\n\t\t\t\t<\/div>\n\t\t<div class=\"elementor-element elementor-element-2e2e9f85 e-flex e-con-boxed e-con e-parent\" data-id=\"2e2e9f85\" data-element_type=\"container\" data-e-type=\"container\" data-settings=\"{&quot;background_background&quot;:&quot;classic&quot;,&quot;shape_divider_top&quot;:&quot;waves&quot;}\">\n\t\t\t\t\t<div class=\"e-con-inner\">\n\t\t\t\t<div class=\"elementor-shape elementor-shape-top\" aria-hidden=\"true\" data-negative=\"false\">\n\t\t\t<svg xmlns=\"http:\/\/www.w3.org\/2000\/svg\" viewBox=\"0 0 1000 100\" preserveAspectRatio=\"none\">\n\t<path class=\"elementor-shape-fill\" d=\"M421.9,6.5c22.6-2.5,51.5,0.4,75.5,5.3c23.6,4.9,70.9,23.5,100.5,35.7c75.8,32.2,133.7,44.5,192.6,49.7\n\tc23.6,2.1,48.7,3.5,103.4-2.5c54.7-6,106.2-25.6,106.2-25.6V0H0v30.3c0,0,72,32.6,158.4,30.5c39.2-0.7,92.8-6.7,134-22.4\n\tc21.2-8.1,52.2-18.2,79.7-24.2C399.3,7.9,411.6,7.5,421.9,6.5z\"\/>\n<\/svg>\t\t<\/div>\n\t\t<div class=\"elementor-element elementor-element-7504823f e-con-full e-flex e-con e-child\" data-id=\"7504823f\" data-element_type=\"container\" data-e-type=\"container\">\n\t\t\t\t<div class=\"elementor-element elementor-element-3243fa83 elementor-widget elementor-widget-heading\" data-id=\"3243fa83\" data-element_type=\"widget\" data-e-type=\"widget\" data-widget_type=\"heading.default\">\n\t\t\t\t<div class=\"elementor-widget-container\">\n\t\t\t\t\t<h2 class=\"elementor-heading-title elementor-size-default\">Momentos para a eternidade<\/h2>\t\t\t\t<\/div>\n\t\t\t\t<\/div>\n\t\t\t\t<div class=\"elementor-element elementor-element-5ca71d63 elementor-widget__width-inherit elementor-invisible elementor-widget elementor-widget-image\" data-id=\"5ca71d63\" data-element_type=\"widget\" data-e-type=\"widget\" data-settings=\"{&quot;_animation&quot;:&quot;fadeIn&quot;}\" data-widget_type=\"image.default\">\n\t\t\t\t<div class=\"elementor-widget-container\">\n\t\t\t\t\t\t\t\t\t\t\t\t\t\t\t<img loading=\"lazy\" decoding=\"async\" width=\"800\" height=\"534\" src=\"https:\/\/events-von-rath.de\/wp-content\/uploads\/2025\/05\/al-elmes-ULHxWq8reao-unsplash-1024x683.webp\" class=\"attachment-large size-large wp-image-7271\" alt=\"\" srcset=\"https:\/\/events-von-rath.de\/wp-content\/uploads\/2025\/05\/al-elmes-ULHxWq8reao-unsplash-1024x683.webp 1024w, https:\/\/events-von-rath.de\/wp-content\/uploads\/2025\/05\/al-elmes-ULHxWq8reao-unsplash-300x200.webp 300w, https:\/\/events-von-rath.de\/wp-content\/uploads\/2025\/05\/al-elmes-ULHxWq8reao-unsplash-768x512.webp 768w, https:\/\/events-von-rath.de\/wp-content\/uploads\/2025\/05\/al-elmes-ULHxWq8reao-unsplash-1536x1024.webp 1536w, https:\/\/events-von-rath.de\/wp-content\/uploads\/2025\/05\/al-elmes-ULHxWq8reao-unsplash-scaled.webp 1920w\" sizes=\"(max-width: 800px) 100vw, 800px\" \/>\t\t\t\t\t\t\t\t\t\t\t\t\t\t\t<\/div>\n\t\t\t\t<\/div>\n\t\t\t\t<\/div>\n\t\t<div class=\"elementor-element elementor-element-1f3359b e-con-full e-flex e-con e-child\" data-id=\"1f3359b\" data-element_type=\"container\" data-e-type=\"container\">\n\t\t\t\t<div class=\"elementor-element elementor-element-57e2efb2 elementor-widget__width-initial elementor-widget elementor-widget-image\" data-id=\"57e2efb2\" data-element_type=\"widget\" data-e-type=\"widget\" data-settings=\"{&quot;_animation&quot;:&quot;none&quot;,&quot;_animation_tablet&quot;:&quot;fadeInLeft&quot;}\" data-widget_type=\"image.default\">\n\t\t\t\t<div class=\"elementor-widget-container\">\n\t\t\t\t\t\t\t\t\t\t\t\t\t\t\t<img loading=\"lazy\" decoding=\"async\" width=\"1\" height=\"1\" src=\"https:\/\/events-von-rath.de\/wp-content\/uploads\/2025\/05\/60.GeburtstagWilfried-30.jpg\" class=\"attachment-large size-large wp-image-7272\" alt=\"\" \/>\t\t\t\t\t\t\t\t\t\t\t\t\t\t\t<\/div>\n\t\t\t\t<\/div>\n\t\t\t\t<div class=\"elementor-element elementor-element-2839fa90 elementor-widget__width-initial elementor-invisible elementor-widget elementor-widget-image\" data-id=\"2839fa90\" data-element_type=\"widget\" data-e-type=\"widget\" data-settings=\"{&quot;_animation&quot;:&quot;fadeInDown&quot;,&quot;_animation_tablet&quot;:&quot;fadeInRight&quot;,&quot;_animation_delay&quot;:&quot;200&quot;}\" data-widget_type=\"image.default\">\n\t\t\t\t<div class=\"elementor-widget-container\">\n\t\t\t\t\t\t\t\t\t\t\t\t\t\t\t<img loading=\"lazy\" decoding=\"async\" width=\"683\" height=\"1024\" src=\"https:\/\/events-von-rath.de\/wp-content\/uploads\/2025\/05\/alexander-mass-37C4ihmJmkA-unsplash-1-683x1024.webp\" class=\"attachment-large size-large wp-image-7273\" alt=\"\" srcset=\"https:\/\/events-von-rath.de\/wp-content\/uploads\/2025\/05\/alexander-mass-37C4ihmJmkA-unsplash-1-683x1024.webp 683w, https:\/\/events-von-rath.de\/wp-content\/uploads\/2025\/05\/alexander-mass-37C4ihmJmkA-unsplash-1-200x300.webp 200w, https:\/\/events-von-rath.de\/wp-content\/uploads\/2025\/05\/alexander-mass-37C4ihmJmkA-unsplash-1-768x1152.webp 768w, https:\/\/events-von-rath.de\/wp-content\/uploads\/2025\/05\/alexander-mass-37C4ihmJmkA-unsplash-1-1024x1536.webp 1024w, https:\/\/events-von-rath.de\/wp-content\/uploads\/2025\/05\/alexander-mass-37C4ihmJmkA-unsplash-1-scaled.webp 1280w\" sizes=\"(max-width: 683px) 100vw, 683px\" \/>\t\t\t\t\t\t\t\t\t\t\t\t\t\t\t<\/div>\n\t\t\t\t<\/div>\n\t\t\t\t<div class=\"elementor-element elementor-element-c5faad5 elementor-widget elementor-widget-text-editor\" data-id=\"c5faad5\" data-element_type=\"widget\" data-e-type=\"widget\" data-settings=\"{&quot;_animation&quot;:&quot;none&quot;}\" data-widget_type=\"text-editor.default\">\n\t\t\t\t<div class=\"elementor-widget-container\">\n\t\t\t\t\t\t\t\t\t<p>Cada evento \u00e9 para mim uma quest\u00e3o do cora\u00e7\u00e3o. Pois momentos especiais merecem mais do que apenas uma organiza\u00e7\u00e3o perfeita \u2013 devem emocionar, inspirar e permanecer na mem\u00f3ria dos convidados por muito tempo. <\/p><p> <\/p>\t\t\t\t\t\t\t\t<\/div>\n\t\t\t\t<\/div>\n\t\t\t\t<\/div>\n\t\t\t\t\t<\/div>\n\t\t\t\t<\/div>\n\t\t<div class=\"elementor-element elementor-element-3a2a96bd e-flex e-con-boxed e-con e-parent\" data-id=\"3a2a96bd\" data-element_type=\"container\" data-e-type=\"container\" data-settings=\"{&quot;background_background&quot;:&quot;classic&quot;,&quot;shape_divider_bottom&quot;:&quot;waves&quot;,&quot;shape_divider_top&quot;:&quot;waves&quot;,&quot;shape_divider_top_negative&quot;:&quot;yes&quot;}\">\n\t\t\t\t\t<div class=\"e-con-inner\">\n\t\t\t\t<div class=\"elementor-shape elementor-shape-top\" aria-hidden=\"true\" data-negative=\"true\">\n\t\t\t<svg xmlns=\"http:\/\/www.w3.org\/2000\/svg\" viewBox=\"0 0 1000 100\" preserveAspectRatio=\"none\">\n\t<path class=\"elementor-shape-fill\" d=\"M790.5,93.1c-59.3-5.3-116.8-18-192.6-50c-29.6-12.7-76.9-31-100.5-35.9c-23.6-4.9-52.6-7.8-75.5-5.3\n\tc-10.2,1.1-22.6,1.4-50.1,7.4c-27.2,6.3-58.2,16.6-79.4,24.7c-41.3,15.9-94.9,21.9-134,22.6C72,58.2,0,25.8,0,25.8V100h1000V65.3\n\tc0,0-51.5,19.4-106.2,25.7C839.5,97,814.1,95.2,790.5,93.1z\"\/>\n<\/svg>\t\t<\/div>\n\t\t\t\t<div class=\"elementor-shape elementor-shape-bottom\" aria-hidden=\"true\" data-negative=\"false\">\n\t\t\t<svg xmlns=\"http:\/\/www.w3.org\/2000\/svg\" viewBox=\"0 0 1000 100\" preserveAspectRatio=\"none\">\n\t<path class=\"elementor-shape-fill\" d=\"M421.9,6.5c22.6-2.5,51.5,0.4,75.5,5.3c23.6,4.9,70.9,23.5,100.5,35.7c75.8,32.2,133.7,44.5,192.6,49.7\n\tc23.6,2.1,48.7,3.5,103.4-2.5c54.7-6,106.2-25.6,106.2-25.6V0H0v30.3c0,0,72,32.6,158.4,30.5c39.2-0.7,92.8-6.7,134-22.4\n\tc21.2-8.1,52.2-18.2,79.7-24.2C399.3,7.9,411.6,7.5,421.9,6.5z\"\/>\n<\/svg>\t\t<\/div>\n\t\t\t\t<div class=\"elementor-element elementor-element-66b9b99d elementor-widget elementor-widget-heading\" data-id=\"66b9b99d\" data-element_type=\"widget\" data-e-type=\"widget\" data-widget_type=\"heading.default\">\n\t\t\t\t<div class=\"elementor-widget-container\">\n\t\t\t\t\t<h2 class=\"elementor-heading-title elementor-size-default\">Porque suas palavras dizem mais que 1.000 imagens <\/h2>\t\t\t\t<\/div>\n\t\t\t\t<\/div>\n\t\t\t\t<div class=\"elementor-element elementor-element-630f4cfc elementor-widget elementor-widget-heading\" data-id=\"630f4cfc\" data-element_type=\"widget\" data-e-type=\"widget\" data-widget_type=\"heading.default\">\n\t\t\t\t<div class=\"elementor-widget-container\">\n\t\t\t\t\t<span class=\"elementor-heading-title elementor-size-default\">O que dizem casais e anfitri\u00f5es que tive o privil\u00e9gio de acompanhar <\/span>\t\t\t\t<\/div>\n\t\t\t\t<\/div>\n\t\t\t\t<div class=\"elementor-element elementor-element-1803aa5 elementor-testimonial--skin-default elementor-testimonial--layout-image_inline elementor-testimonial--align-center elementor-arrows-yes elementor-pagination-type-bullets elementor-widget elementor-widget-testimonial-carousel\" data-id=\"1803aa5\" data-element_type=\"widget\" data-e-type=\"widget\" data-settings=\"{&quot;show_arrows&quot;:&quot;yes&quot;,&quot;pagination&quot;:&quot;bullets&quot;,&quot;speed&quot;:500,&quot;autoplay&quot;:&quot;yes&quot;,&quot;autoplay_speed&quot;:5000,&quot;loop&quot;:&quot;yes&quot;,&quot;pause_on_hover&quot;:&quot;yes&quot;,&quot;pause_on_interaction&quot;:&quot;yes&quot;,&quot;space_between&quot;:{&quot;unit&quot;:&quot;px&quot;,&quot;size&quot;:10,&quot;sizes&quot;:[]},&quot;space_between_tablet&quot;:{&quot;unit&quot;:&quot;px&quot;,&quot;size&quot;:10,&quot;sizes&quot;:[]},&quot;space_between_mobile&quot;:{&quot;unit&quot;:&quot;px&quot;,&quot;size&quot;:10,&quot;sizes&quot;:[]}}\" data-widget_type=\"testimonial-carousel.default\">\n\t\t\t\t<div class=\"elementor-widget-container\">\n\t\t\t\t\t\t\t\t\t<div class=\"elementor-swiper\">\n\t\t\t\t\t<div class=\"elementor-main-swiper swiper\" role=\"region\" aria-roledescription=\"carousel\" aria-label=\"Slider\">\n\t\t\t\t<div class=\"swiper-wrapper\">\n\t\t\t\t\t\t\t\t\t\t\t<div class=\"swiper-slide\" role=\"group\" aria-roledescription=\"slide\">\n\t\t\t\t\t\t\t\t\t<div class=\"elementor-testimonial\">\n\t\t\t\t\t\t\t<div class=\"elementor-testimonial__content\">\n\t\t\t\t\t<div class=\"elementor-testimonial__text\">\n\t\t\t\t\t\t<p>Querida Simone,<br \/>\nque mega festa! Que festa maravilhosa voc\u00ea organizou para n\u00f3s.  Mais uma vez, com muito amor e muitos detalhes e simplesmente planejado de forma brilhante... Incr\u00edvel, simplesmente incr\u00edvel!!! Muito, muito obrigado novamente,  <\/p>\n\t\t\t\t\t<\/div>\n\t\t\t\t\t\t\t\t\t<\/div>\n\t\t\t\t\t\t<div class=\"elementor-testimonial__footer\">\n\t\t\t\t\t\t\t\t<cite class=\"elementor-testimonial__cite\"><span class=\"elementor-testimonial__name\">Sabrina S.<\/span><\/cite>\t\t\t<\/div>\n\t\t<\/div>\n\t\t\t\t\t\t\t\t<\/div>\n\t\t\t\t\t\t\t\t\t\t\t<div class=\"swiper-slide\" role=\"group\" aria-roledescription=\"slide\">\n\t\t\t\t\t\t\t\t\t<div class=\"elementor-testimonial\">\n\t\t\t\t\t\t\t<div class=\"elementor-testimonial__content\">\n\t\t\t\t\t<div class=\"elementor-testimonial__text\">\n\t\t\t\t\t\t<p>O 60\u00ba anivers\u00e1rio foi uma festa muito bem organizada no belo Lago de Constan\u00e7a...o local...as refei\u00e7\u00f5es foram muito especiais e originais...as crian\u00e7as tiveram uma cuidadora pr\u00f3pria para brincar...o entretenimento foi cinema de primeira...nos sentimos muito bem e vamos contrat\u00e1-la novamente...Mil obrigados <\/p>\n\t\t\t\t\t<\/div>\n\t\t\t\t\t\t\t\t\t<\/div>\n\t\t\t\t\t\t<div class=\"elementor-testimonial__footer\">\n\t\t\t\t\t\t\t\t<cite class=\"elementor-testimonial__cite\"><span class=\"elementor-testimonial__name\">Berthold L.<\/span><\/cite>\t\t\t<\/div>\n\t\t<\/div>\n\t\t\t\t\t\t\t\t<\/div>\n\t\t\t\t\t\t\t\t\t\t\t<div class=\"swiper-slide\" role=\"group\" aria-roledescription=\"slide\">\n\t\t\t\t\t\t\t\t\t<div class=\"elementor-testimonial\">\n\t\t\t\t\t\t\t<div class=\"elementor-testimonial__content\">\n\t\t\t\t\t<div class=\"elementor-testimonial__text\">\n\t\t\t\t\t\t<p>Ol\u00e1 querida Simone,<br \/>\nfoi uma festa muito bonita.<br \/>\nO programa, o DJ, o buffet, a banda...tudo perfeitamente organizado. Ficamos t\u00e3o felizes e relaxados.<br \/>\nMuito obrigados por isso.<\/p>\n\t\t\t\t\t<\/div>\n\t\t\t\t\t\t\t\t\t<\/div>\n\t\t\t\t\t\t<div class=\"elementor-testimonial__footer\">\n\t\t\t\t\t\t\t\t<cite class=\"elementor-testimonial__cite\"><span class=\"elementor-testimonial__name\">GL<\/span><\/cite>\t\t\t<\/div>\n\t\t<\/div>\n\t\t\t\t\t\t\t\t<\/div>\n\t\t\t\t\t\t\t\t\t\t\t<div class=\"swiper-slide\" role=\"group\" aria-roledescription=\"slide\">\n\t\t\t\t\t\t\t\t\t<div class=\"elementor-testimonial\">\n\t\t\t\t\t\t\t<div class=\"elementor-testimonial__content\">\n\t\t\t\t\t<div class=\"elementor-testimonial__text\">\n\t\t\t\t\t\t<p>Desde a busca por um vestido de noiva at\u00e9 o \u00faltimo convidado, voc\u00ea garantiu que tudo corresse maravilhosamente e de forma relaxada. Sempre com um tom calmo e sorriso no rosto. Nosso casamento foi simplesmente maravilhoso. N\u00e3o poder\u00edamos ter imaginado melhor.<br \/>\nMil obrigados, querida Simone<\/p>\n\t\t\t\t\t<\/div>\n\t\t\t\t\t\t\t\t\t<\/div>\n\t\t\t\t\t\t<div class=\"elementor-testimonial__footer\">\n\t\t\t\t\t\t\t\t<cite class=\"elementor-testimonial__cite\"><span class=\"elementor-testimonial__name\">Shirlei e Robson<\/span><\/cite>\t\t\t<\/div>\n\t\t<\/div>\n\t\t\t\t\t\t\t\t<\/div>\n\t\t\t\t\t\t\t\t\t\t\t<div class=\"swiper-slide\" role=\"group\" aria-roledescription=\"slide\">\n\t\t\t\t\t\t\t\t\t<div class=\"elementor-testimonial\">\n\t\t\t\t\t\t\t<div class=\"elementor-testimonial__content\">\n\t\t\t\t\t<div class=\"elementor-testimonial__text\">\n\t\t\t\t\t\t<p>Sem a Simone esta festa nunca teria acontecido assim. Seu comprometimento, dedica\u00e7\u00e3o, profissionalismo e, acima de tudo, sua simpatia, tornaram o evento grandioso. Eu n\u00e3o esperava muito, mas ela me surpreendeu.<br \/>\nEste evento certamente ser\u00e1 lembrado em nossas vidas. Foi a melhor festa que j\u00e1 tive na minha vida. <\/p>\n\t\t\t\t\t<\/div>\n\t\t\t\t\t\t\t\t\t<\/div>\n\t\t\t\t\t\t<div class=\"elementor-testimonial__footer\">\n\t\t\t\t\t\t\t\t<cite class=\"elementor-testimonial__cite\"><span class=\"elementor-testimonial__name\">Willy R.<\/span><\/cite>\t\t\t<\/div>\n\t\t<\/div>\n\t\t\t\t\t\t\t\t<\/div>\n\t\t\t\t\t\t\t\t\t\t\t<div class=\"swiper-slide\" role=\"group\" aria-roledescription=\"slide\">\n\t\t\t\t\t\t\t\t\t<div class=\"elementor-testimonial\">\n\t\t\t\t\t\t\t<div class=\"elementor-testimonial__content\">\n\t\t\t\t\t<div class=\"elementor-testimonial__text\">\n\t\t\t\t\t\t<p>Querida Simone,<br \/>\nVoltamos do Brasil e foi simplesmente incr\u00edvel! Estamos completamente apaixonados pelo pa\u00eds! Ele \u00e9 t\u00e3o diversificado e h\u00e1 tanto para voc\u00ea descobrir! Ficamos totalmente impressionados com o quanto as pessoas s\u00e3o amig\u00e1veis, prestativas e descontra\u00eddas em todos os lugares. N\u00f3s nos sentimos super confort\u00e1veis em todos os momentos.<br \/>\nEssa \u00f3tima viagem s\u00f3 foi poss\u00edvel porque voc\u00ea nos deu uma consultoria incrivelmente boa. Foi realmente a viagem perfeita e, quando pensamos no que mais gostamos, \u00e9 imposs\u00edvel dizer, pois as experi\u00eancias foram t\u00e3o diferentes e \u00fanicas \u00e0 sua maneira. Um grande obrigado a voc\u00ea por isso!       Atenciosamente  <\/p>\n\t\t\t\t\t<\/div>\n\t\t\t\t\t\t\t\t\t<\/div>\n\t\t\t\t\t\t<div class=\"elementor-testimonial__footer\">\n\t\t\t\t\t\t\t\t<cite class=\"elementor-testimonial__cite\"><span class=\"elementor-testimonial__name\">Robin P.<\/span><\/cite>\t\t\t<\/div>\n\t\t<\/div>\n\t\t\t\t\t\t\t\t<\/div>\n\t\t\t\t\t\t\t\t\t\t\t<div class=\"swiper-slide\" role=\"group\" aria-roledescription=\"slide\">\n\t\t\t\t\t\t\t\t\t<div class=\"elementor-testimonial\">\n\t\t\t\t\t\t\t<div class=\"elementor-testimonial__content\">\n\t\t\t\t\t<div class=\"elementor-testimonial__text\">\n\t\t\t\t\t\t<p>Tivemos uma noite maravilhosa no Lago Constance e realmente gostamos da atmosfera.<br \/>\nOBRIGADO Simone por uma festa totalmente bem-sucedida e por sua organiza\u00e7\u00e3o perfeita.<\/p>\n\t\t\t\t\t<\/div>\n\t\t\t\t\t\t\t\t\t<\/div>\n\t\t\t\t\t\t<div class=\"elementor-testimonial__footer\">\n\t\t\t\t\t\t\t\t<cite class=\"elementor-testimonial__cite\"><span class=\"elementor-testimonial__name\">Ines<\/span><\/cite>\t\t\t<\/div>\n\t\t<\/div>\n\t\t\t\t\t\t\t\t<\/div>\n\t\t\t\t\t\t\t\t\t<\/div>\n\t\t\t\t\t\t\t\t\t\t\t\t\t\t\t<div class=\"elementor-swiper-button elementor-swiper-button-prev\" role=\"button\" tabindex=\"0\" aria-label=\"Anterior\">\n\t\t\t\t\t\t\t<svg aria-hidden=\"true\" class=\"e-font-icon-svg e-eicon-chevron-left\" viewBox=\"0 0 1000 1000\" xmlns=\"http:\/\/www.w3.org\/2000\/svg\"><path d=\"M646 125C629 125 613 133 604 142L308 442C296 454 292 471 292 487 292 504 296 521 308 533L604 854C617 867 629 875 646 875 663 875 679 871 692 858 704 846 713 829 713 812 713 796 708 779 692 767L438 487 692 225C700 217 708 204 708 187 708 171 704 154 692 142 675 129 663 125 646 125Z\"><\/path><\/svg>\t\t\t\t\t\t<\/div>\n\t\t\t\t\t\t<div class=\"elementor-swiper-button elementor-swiper-button-next\" role=\"button\" tabindex=\"0\" aria-label=\"Pr\u00f3ximo\">\n\t\t\t\t\t\t\t<svg aria-hidden=\"true\" class=\"e-font-icon-svg e-eicon-chevron-right\" viewBox=\"0 0 1000 1000\" xmlns=\"http:\/\/www.w3.org\/2000\/svg\"><path d=\"M696 533C708 521 713 504 713 487 713 471 708 454 696 446L400 146C388 133 375 125 354 125 338 125 325 129 313 142 300 154 292 171 292 187 292 204 296 221 308 233L563 492 304 771C292 783 288 800 288 817 288 833 296 850 308 863 321 871 338 875 354 875 371 875 388 867 400 854L696 533Z\"><\/path><\/svg>\t\t\t\t\t\t<\/div>\n\t\t\t\t\t\t\t\t\t\t\t\t\t\t\t\t<div class=\"swiper-pagination\"><\/div>\n\t\t\t\t\t\t\t\t\t\t\t\t<\/div>\n\t\t\t\t<\/div>\n\t\t\t\t\t\t\t\t<\/div>\n\t\t\t\t<\/div>\n\t\t\t\t\t<\/div>\n\t\t\t\t<\/div>\n\t\t<div class=\"elementor-element elementor-element-62f8070 e-con-full e-flex e-con e-parent\" data-id=\"62f8070\" data-element_type=\"container\" data-e-type=\"container\">\n\t\t\t\t<div class=\"elementor-element elementor-element-ce9539d elementor-widget elementor-widget-heading\" data-id=\"ce9539d\" data-element_type=\"widget\" data-e-type=\"widget\" data-widget_type=\"heading.default\">\n\t\t\t\t<div class=\"elementor-widget-container\">\n\t\t\t\t\t<h2 class=\"elementor-heading-title elementor-size-default\">Not\u00edcias e Inspira\u00e7\u00f5es<\/h2>\t\t\t\t<\/div>\n\t\t\t\t<\/div>\n\t\t\t\t<div class=\"elementor-element elementor-element-4fdfedc elementor-grid-4 elementor-grid-tablet-2 elementor-grid-mobile-1 elementor-widget elementor-widget-loop-grid\" data-id=\"4fdfedc\" data-element_type=\"widget\" data-e-type=\"widget\" data-settings=\"{&quot;template_id&quot;:7919,&quot;columns&quot;:4,&quot;_skin&quot;:&quot;post&quot;,&quot;columns_tablet&quot;:&quot;2&quot;,&quot;columns_mobile&quot;:&quot;1&quot;,&quot;edit_handle_selector&quot;:&quot;[data-elementor-type=\\&quot;loop-item\\&quot;]&quot;,&quot;row_gap&quot;:{&quot;unit&quot;:&quot;px&quot;,&quot;size&quot;:&quot;&quot;,&quot;sizes&quot;:[]},&quot;row_gap_tablet&quot;:{&quot;unit&quot;:&quot;px&quot;,&quot;size&quot;:&quot;&quot;,&quot;sizes&quot;:[]},&quot;row_gap_mobile&quot;:{&quot;unit&quot;:&quot;px&quot;,&quot;size&quot;:&quot;&quot;,&quot;sizes&quot;:[]}}\" data-widget_type=\"loop-grid.post\">\n\t\t\t\t<div class=\"elementor-widget-container\">\n\t\t\t\t\t\t\t<div class=\"elementor-loop-container elementor-grid\" role=\"list\">\n\t\t<style id=\"loop-7919\">.elementor-7919 .elementor-element.elementor-element-02283fd{--display:flex;--justify-content:space-between;--gap:10px 10px;--row-gap:10px;--column-gap:10px;border-style:solid;--border-style:solid;border-width:1px 1px 1px 1px;--border-top-width:1px;--border-right-width:1px;--border-bottom-width:1px;--border-left-width:1px;border-color:var( --e-global-color-8ae975e );--border-color:var( --e-global-color-8ae975e );--padding-top:25px;--padding-bottom:25px;--padding-left:25px;--padding-right:25px;}.elementor-7919 .elementor-element.elementor-element-3fa4bde img{height:180px;object-fit:cover;object-position:center center;}.elementor-7919 .elementor-element.elementor-element-910709e .elementor-heading-title{font-family:\"Mulish\", Sans-serif;font-size:16px;font-weight:600;line-height:25px;color:var( --e-global-color-text );}.elementor-7919 .elementor-element.elementor-element-d8daaa9 .elementor-heading-title{font-family:\"Mulish\", Sans-serif;font-size:13px;font-weight:700;text-decoration:underline;color:#38933E;}.elementor-7919 .elementor-element.elementor-element-d8daaa9 .elementor-heading-title a:hover, .elementor-7919 .elementor-element.elementor-element-d8daaa9 .elementor-heading-title a:focus{color:var( --e-global-color-text );}@media(max-width:1200px){.elementor-7919 .elementor-element.elementor-element-910709e .elementor-heading-title{font-size:15px;line-height:1.5em;}.elementor-7919 .elementor-element.elementor-element-d8daaa9 .elementor-heading-title{font-size:15px;}}@media(max-width:767px){.elementor-7919 .elementor-element.elementor-element-910709e .elementor-heading-title{font-size:16px;line-height:28px;}.elementor-7919 .elementor-element.elementor-element-d8daaa9 .elementor-heading-title{font-size:14px;}}<\/style>\t\t<div data-elementor-type=\"loop-item\" data-elementor-id=\"7919\" class=\"elementor elementor-7919 elementor-2840 elementor-2840 e-loop-item e-loop-item-9510 post-9510 post type-post status-publish format-standard has-post-thumbnail hentry category-sem-categoria\" data-elementor-post-type=\"elementor_library\" data-custom-edit-handle=\"1\">\n\t\t\t<div class=\"elementor-element elementor-element-02283fd e-flex e-con-boxed e-con e-parent\" data-id=\"02283fd\" data-element_type=\"container\" data-e-type=\"container\">\n\t\t\t\t\t<div class=\"e-con-inner\">\n\t\t\t\t<div class=\"elementor-element elementor-element-3fa4bde elementor-widget elementor-widget-theme-post-featured-image elementor-widget-image\" data-id=\"3fa4bde\" data-element_type=\"widget\" data-e-type=\"widget\" data-widget_type=\"theme-post-featured-image.default\">\n\t\t\t\t<div class=\"elementor-widget-container\">\n\t\t\t\t\t\t\t\t\t\t\t\t\t\t\t<img loading=\"lazy\" decoding=\"async\" width=\"768\" height=\"512\" src=\"https:\/\/events-von-rath.de\/wp-content\/uploads\/2026\/04\/elopement-wedding-3-768x512.jpg\" class=\"attachment-medium_large size-medium_large wp-image-9513\" alt=\"\" srcset=\"https:\/\/events-von-rath.de\/wp-content\/uploads\/2026\/04\/elopement-wedding-3-768x512.jpg 768w, https:\/\/events-von-rath.de\/wp-content\/uploads\/2026\/04\/elopement-wedding-3-300x200.jpg 300w, https:\/\/events-von-rath.de\/wp-content\/uploads\/2026\/04\/elopement-wedding-3-1024x683.jpg 1024w, https:\/\/events-von-rath.de\/wp-content\/uploads\/2026\/04\/elopement-wedding-3-1536x1024.jpg 1536w\" sizes=\"(max-width: 768px) 100vw, 768px\" \/>\t\t\t\t\t\t\t\t\t\t\t\t\t\t\t<\/div>\n\t\t\t\t<\/div>\n\t\t\t\t<div class=\"elementor-element elementor-element-910709e elementor-widget elementor-widget-theme-post-title elementor-page-title elementor-widget-heading\" data-id=\"910709e\" data-element_type=\"widget\" data-e-type=\"widget\" data-widget_type=\"theme-post-title.default\">\n\t\t\t\t<div class=\"elementor-widget-container\">\n\t\t\t\t\t<span class=\"elementor-heading-title elementor-size-default\">Elopement Wedding &#8211; Quando o casamento pertence a voc\u00ea novamente<\/span>\t\t\t\t<\/div>\n\t\t\t\t<\/div>\n\t\t\t\t<div class=\"elementor-element elementor-element-d8daaa9 elementor-widget elementor-widget-heading\" data-id=\"d8daaa9\" data-element_type=\"widget\" data-e-type=\"widget\" data-widget_type=\"heading.default\">\n\t\t\t\t<div class=\"elementor-widget-container\">\n\t\t\t\t\t<div class=\"elementor-heading-title elementor-size-default\"><a href=\"https:\/\/events-von-rath.de\/pt-br\/elopement-wedding-quando-o-casamento-pertence-a-voce-novamente\/\">LEIA MAIS<\/a><\/div>\t\t\t\t<\/div>\n\t\t\t\t<\/div>\n\t\t\t\t\t<\/div>\n\t\t\t\t<\/div>\n\t\t\t\t<\/div>\n\t\t\t\t<div data-elementor-type=\"loop-item\" data-elementor-id=\"7919\" class=\"elementor elementor-7919 elementor-2840 elementor-2840 e-loop-item e-loop-item-8778 post-8778 post type-post status-publish format-standard has-post-thumbnail hentry category-sem-categoria\" data-elementor-post-type=\"elementor_library\" data-custom-edit-handle=\"1\">\n\t\t\t<div class=\"elementor-element elementor-element-02283fd e-flex e-con-boxed e-con e-parent\" data-id=\"02283fd\" data-element_type=\"container\" data-e-type=\"container\">\n\t\t\t\t\t<div class=\"e-con-inner\">\n\t\t\t\t<div class=\"elementor-element elementor-element-3fa4bde elementor-widget elementor-widget-theme-post-featured-image elementor-widget-image\" data-id=\"3fa4bde\" data-element_type=\"widget\" data-e-type=\"widget\" data-widget_type=\"theme-post-featured-image.default\">\n\t\t\t\t<div class=\"elementor-widget-container\">\n\t\t\t\t\t\t\t\t\t\t\t\t\t\t\t<img loading=\"lazy\" decoding=\"async\" width=\"768\" height=\"512\" src=\"https:\/\/events-von-rath.de\/wp-content\/uploads\/2026\/01\/iStock-1171346748-768x512.jpg\" class=\"attachment-medium_large size-medium_large wp-image-8779\" alt=\"\" srcset=\"https:\/\/events-von-rath.de\/wp-content\/uploads\/2026\/01\/iStock-1171346748-768x512.jpg 768w, https:\/\/events-von-rath.de\/wp-content\/uploads\/2026\/01\/iStock-1171346748-300x200.jpg 300w, https:\/\/events-von-rath.de\/wp-content\/uploads\/2026\/01\/iStock-1171346748-1024x683.jpg 1024w, https:\/\/events-von-rath.de\/wp-content\/uploads\/2026\/01\/iStock-1171346748.jpg 1254w\" sizes=\"(max-width: 768px) 100vw, 768px\" \/>\t\t\t\t\t\t\t\t\t\t\t\t\t\t\t<\/div>\n\t\t\t\t<\/div>\n\t\t\t\t<div class=\"elementor-element elementor-element-910709e elementor-widget elementor-widget-theme-post-title elementor-page-title elementor-widget-heading\" data-id=\"910709e\" data-element_type=\"widget\" data-e-type=\"widget\" data-widget_type=\"theme-post-title.default\">\n\t\t\t\t<div class=\"elementor-widget-container\">\n\t\t\t\t\t<span class=\"elementor-heading-title elementor-size-default\">Custos de um casamento: uma despesa? Ou o melhor investimento de sua vida?<\/span>\t\t\t\t<\/div>\n\t\t\t\t<\/div>\n\t\t\t\t<div class=\"elementor-element elementor-element-d8daaa9 elementor-widget elementor-widget-heading\" data-id=\"d8daaa9\" data-element_type=\"widget\" data-e-type=\"widget\" data-widget_type=\"heading.default\">\n\t\t\t\t<div class=\"elementor-widget-container\">\n\t\t\t\t\t<div class=\"elementor-heading-title elementor-size-default\"><a href=\"https:\/\/events-von-rath.de\/pt-br\/custos-de-um-casamento-uma-despesa-ou-o-melhor-investimento-de-sua-vida\/\">LEIA MAIS<\/a><\/div>\t\t\t\t<\/div>\n\t\t\t\t<\/div>\n\t\t\t\t\t<\/div>\n\t\t\t\t<\/div>\n\t\t\t\t<\/div>\n\t\t\t\t<div data-elementor-type=\"loop-item\" data-elementor-id=\"7919\" class=\"elementor elementor-7919 elementor-2840 elementor-2840 e-loop-item e-loop-item-8689 post-8689 post type-post status-publish format-standard has-post-thumbnail hentry category-sem-categoria\" data-elementor-post-type=\"elementor_library\" data-custom-edit-handle=\"1\">\n\t\t\t<div class=\"elementor-element elementor-element-02283fd e-flex e-con-boxed e-con e-parent\" data-id=\"02283fd\" data-element_type=\"container\" data-e-type=\"container\">\n\t\t\t\t\t<div class=\"e-con-inner\">\n\t\t\t\t<div class=\"elementor-element elementor-element-3fa4bde elementor-widget elementor-widget-theme-post-featured-image elementor-widget-image\" data-id=\"3fa4bde\" data-element_type=\"widget\" data-e-type=\"widget\" data-widget_type=\"theme-post-featured-image.default\">\n\t\t\t\t<div class=\"elementor-widget-container\">\n\t\t\t\t\t\t\t\t\t\t\t\t\t\t\t<img loading=\"lazy\" decoding=\"async\" width=\"768\" height=\"1152\" src=\"https:\/\/events-von-rath.de\/wp-content\/uploads\/2026\/01\/lapland-hochzeit-1-768x1152.jpg\" class=\"attachment-medium_large size-medium_large wp-image-8815\" alt=\"\" srcset=\"https:\/\/events-von-rath.de\/wp-content\/uploads\/2026\/01\/lapland-hochzeit-1-768x1152.jpg 768w, https:\/\/events-von-rath.de\/wp-content\/uploads\/2026\/01\/lapland-hochzeit-1-200x300.jpg 200w, https:\/\/events-von-rath.de\/wp-content\/uploads\/2026\/01\/lapland-hochzeit-1-683x1024.jpg 683w, https:\/\/events-von-rath.de\/wp-content\/uploads\/2026\/01\/lapland-hochzeit-1-1024x1536.jpg 1024w, https:\/\/events-von-rath.de\/wp-content\/uploads\/2026\/01\/lapland-hochzeit-1.jpg 1365w\" sizes=\"(max-width: 768px) 100vw, 768px\" \/>\t\t\t\t\t\t\t\t\t\t\t\t\t\t\t<\/div>\n\t\t\t\t<\/div>\n\t\t\t\t<div class=\"elementor-element elementor-element-910709e elementor-widget elementor-widget-theme-post-title elementor-page-title elementor-widget-heading\" data-id=\"910709e\" data-element_type=\"widget\" data-e-type=\"widget\" data-widget_type=\"theme-post-title.default\">\n\t\t\t\t<div class=\"elementor-widget-container\">\n\t\t\t\t\t<span class=\"elementor-heading-title elementor-size-default\">Casamento de inverno no Pa\u00eds das Maravilhas do Inverno<\/span>\t\t\t\t<\/div>\n\t\t\t\t<\/div>\n\t\t\t\t<div class=\"elementor-element elementor-element-d8daaa9 elementor-widget elementor-widget-heading\" data-id=\"d8daaa9\" data-element_type=\"widget\" data-e-type=\"widget\" data-widget_type=\"heading.default\">\n\t\t\t\t<div class=\"elementor-widget-container\">\n\t\t\t\t\t<div class=\"elementor-heading-title elementor-size-default\"><a href=\"https:\/\/events-von-rath.de\/pt-br\/casamento-de-inverno-no-pais-das-maravilhas-do-inverno\/\">LEIA MAIS<\/a><\/div>\t\t\t\t<\/div>\n\t\t\t\t<\/div>\n\t\t\t\t\t<\/div>\n\t\t\t\t<\/div>\n\t\t\t\t<\/div>\n\t\t\t\t<div data-elementor-type=\"loop-item\" data-elementor-id=\"7919\" class=\"elementor elementor-7919 elementor-2840 elementor-2840 e-loop-item e-loop-item-8511 post-8511 post type-post status-publish format-standard has-post-thumbnail hentry category-sem-categoria\" data-elementor-post-type=\"elementor_library\" data-custom-edit-handle=\"1\">\n\t\t\t<div class=\"elementor-element elementor-element-02283fd e-flex e-con-boxed e-con e-parent\" data-id=\"02283fd\" data-element_type=\"container\" data-e-type=\"container\">\n\t\t\t\t\t<div class=\"e-con-inner\">\n\t\t\t\t<div class=\"elementor-element elementor-element-3fa4bde elementor-widget elementor-widget-theme-post-featured-image elementor-widget-image\" data-id=\"3fa4bde\" data-element_type=\"widget\" data-e-type=\"widget\" data-widget_type=\"theme-post-featured-image.default\">\n\t\t\t\t<div class=\"elementor-widget-container\">\n\t\t\t\t\t\t\t\t\t\t\t\t\t\t\t<img loading=\"lazy\" decoding=\"async\" width=\"768\" height=\"211\" src=\"https:\/\/events-von-rath.de\/wp-content\/uploads\/2025\/11\/bunte-farben-1-768x211.jpg\" class=\"attachment-medium_large size-medium_large wp-image-8513\" alt=\"\" srcset=\"https:\/\/events-von-rath.de\/wp-content\/uploads\/2025\/11\/bunte-farben-1-768x211.jpg 768w, https:\/\/events-von-rath.de\/wp-content\/uploads\/2025\/11\/bunte-farben-1-300x82.jpg 300w, https:\/\/events-von-rath.de\/wp-content\/uploads\/2025\/11\/bunte-farben-1-1024x281.jpg 1024w, https:\/\/events-von-rath.de\/wp-content\/uploads\/2025\/11\/bunte-farben-1-1536x421.jpg 1536w, https:\/\/events-von-rath.de\/wp-content\/uploads\/2025\/11\/bunte-farben-1-2048x562.jpg 2048w\" sizes=\"(max-width: 768px) 100vw, 768px\" \/>\t\t\t\t\t\t\t\t\t\t\t\t\t\t\t<\/div>\n\t\t\t\t<\/div>\n\t\t\t\t<div class=\"elementor-element elementor-element-910709e elementor-widget elementor-widget-theme-post-title elementor-page-title elementor-widget-heading\" data-id=\"910709e\" data-element_type=\"widget\" data-e-type=\"widget\" data-widget_type=\"theme-post-title.default\">\n\t\t\t\t<div class=\"elementor-widget-container\">\n\t\t\t\t\t<span class=\"elementor-heading-title elementor-size-default\">Tend\u00eancias de casamento para 2026 caracterizadas por individualidade, sustentabilidade e exclusividade<\/span>\t\t\t\t<\/div>\n\t\t\t\t<\/div>\n\t\t\t\t<div class=\"elementor-element elementor-element-d8daaa9 elementor-widget elementor-widget-heading\" data-id=\"d8daaa9\" data-element_type=\"widget\" data-e-type=\"widget\" data-widget_type=\"heading.default\">\n\t\t\t\t<div class=\"elementor-widget-container\">\n\t\t\t\t\t<div class=\"elementor-heading-title elementor-size-default\"><a href=\"https:\/\/events-von-rath.de\/pt-br\/tendencias-de-casamento-para-2026-caracterizadas-por-individualidade-sustentabilidade-e-exclusividade\/\">LEIA MAIS<\/a><\/div>\t\t\t\t<\/div>\n\t\t\t\t<\/div>\n\t\t\t\t\t<\/div>\n\t\t\t\t<\/div>\n\t\t\t\t<\/div>\n\t\t\t\t<\/div>\n\t\t\n\t\t\t\t\t\t<\/div>\n\t\t\t\t<\/div>\n\t\t\t\t<div class=\"elementor-element elementor-element-13c907d elementor-align-center elementor-widget elementor-widget-button\" data-id=\"13c907d\" data-element_type=\"widget\" data-e-type=\"widget\" data-settings=\"{&quot;_animation&quot;:&quot;none&quot;}\" data-widget_type=\"button.default\">\n\t\t\t\t<div class=\"elementor-widget-container\">\n\t\t\t\t\t\t\t\t\t<div class=\"elementor-button-wrapper\">\n\t\t\t\t\t<a class=\"elementor-button elementor-button-link elementor-size-sm elementor-animation-grow\" href=\"https:\/\/events-von-rath.de\/pt-br\/noticias\/\">\n\t\t\t\t\t\t<span class=\"elementor-button-content-wrapper\">\n\t\t\t\t\t\t\t\t\t<span class=\"elementor-button-text\">Mais Dicas <\/span>\n\t\t\t\t\t<\/span>\n\t\t\t\t\t<\/a>\n\t\t\t\t<\/div>\n\t\t\t\t\t\t\t\t<\/div>\n\t\t\t\t<\/div>\n\t\t\t\t<\/div>\n\t\t<div class=\"elementor-element elementor-element-dd8968b e-con-full e-flex e-con e-parent\" data-id=\"dd8968b\" data-element_type=\"container\" data-e-type=\"container\" data-settings=\"{&quot;background_background&quot;:&quot;classic&quot;,&quot;shape_divider_top&quot;:&quot;waves&quot;,&quot;shape_divider_top_negative&quot;:&quot;yes&quot;}\">\n\t\t\t\t<div class=\"elementor-shape elementor-shape-top\" aria-hidden=\"true\" data-negative=\"true\">\n\t\t\t<svg xmlns=\"http:\/\/www.w3.org\/2000\/svg\" viewBox=\"0 0 1000 100\" preserveAspectRatio=\"none\">\n\t<path class=\"elementor-shape-fill\" d=\"M790.5,93.1c-59.3-5.3-116.8-18-192.6-50c-29.6-12.7-76.9-31-100.5-35.9c-23.6-4.9-52.6-7.8-75.5-5.3\n\tc-10.2,1.1-22.6,1.4-50.1,7.4c-27.2,6.3-58.2,16.6-79.4,24.7c-41.3,15.9-94.9,21.9-134,22.6C72,58.2,0,25.8,0,25.8V100h1000V65.3\n\tc0,0-51.5,19.4-106.2,25.7C839.5,97,814.1,95.2,790.5,93.1z\"\/>\n<\/svg>\t\t<\/div>\n\t\t<div class=\"elementor-element elementor-element-6733d40 e-flex e-con-boxed e-con e-child\" data-id=\"6733d40\" data-element_type=\"container\" data-e-type=\"container\">\n\t\t\t\t\t<div class=\"e-con-inner\">\n\t\t<div class=\"elementor-element elementor-element-ccd240c e-con-full e-flex e-con e-child\" data-id=\"ccd240c\" data-element_type=\"container\" data-e-type=\"container\">\n\t\t\t\t<div class=\"elementor-element elementor-element-a03f096 elementor-widget-mobile__width-initial elementor-widget__width-inherit elementor-widget elementor-widget-image\" data-id=\"a03f096\" data-element_type=\"widget\" data-e-type=\"widget\" data-widget_type=\"image.default\">\n\t\t\t\t<div class=\"elementor-widget-container\">\n\t\t\t\t\t\t\t\t\t\t\t\t\t\t\t<img loading=\"lazy\" decoding=\"async\" width=\"768\" height=\"1152\" src=\"https:\/\/events-von-rath.de\/wp-content\/uploads\/2025\/03\/SEF-2-768x1152.jpg\" class=\"attachment-medium_large size-medium_large wp-image-7245\" alt=\"\" srcset=\"https:\/\/events-von-rath.de\/wp-content\/uploads\/2025\/03\/SEF-2-768x1152.jpg 768w, https:\/\/events-von-rath.de\/wp-content\/uploads\/2025\/03\/SEF-2-200x300.jpg 200w, https:\/\/events-von-rath.de\/wp-content\/uploads\/2025\/03\/SEF-2-683x1024.jpg 683w, https:\/\/events-von-rath.de\/wp-content\/uploads\/2025\/03\/SEF-2-1024x1536.jpg 1024w, https:\/\/events-von-rath.de\/wp-content\/uploads\/2025\/03\/SEF-2-scaled.jpg 1707w\" sizes=\"(max-width: 768px) 100vw, 768px\" \/>\t\t\t\t\t\t\t\t\t\t\t\t\t\t\t<\/div>\n\t\t\t\t<\/div>\n\t\t\t\t<\/div>\n\t\t<div class=\"elementor-element elementor-element-38258ca e-con-full e-flex e-con e-child\" data-id=\"38258ca\" data-element_type=\"container\" data-e-type=\"container\">\n\t\t\t\t<div class=\"elementor-element elementor-element-df2bd08 elementor-widget__width-inherit elementor-widget elementor-widget-heading\" data-id=\"df2bd08\" data-element_type=\"widget\" data-e-type=\"widget\" data-widget_type=\"heading.default\">\n\t\t\t\t<div class=\"elementor-widget-container\">\n\t\t\t\t\t<span class=\"elementor-heading-title elementor-size-default\">Onde ideias se tornam mem\u00f3rias.\n<\/span>\t\t\t\t<\/div>\n\t\t\t\t<\/div>\n\t\t\t\t<div class=\"elementor-element elementor-element-c97f1a5 elementor-widget elementor-widget-heading\" data-id=\"c97f1a5\" data-element_type=\"widget\" data-e-type=\"widget\" data-widget_type=\"heading.default\">\n\t\t\t\t<div class=\"elementor-widget-container\">\n\t\t\t\t\t<div class=\"elementor-heading-title elementor-size-default\">...talvez sua jornada comece exatamente aqui<\/div>\t\t\t\t<\/div>\n\t\t\t\t<\/div>\n\t\t\t\t<div class=\"elementor-element elementor-element-47e77ca elementor-widget__width-initial elementor-widget-tablet__width-inherit elementor-widget-mobile__width-inherit elementor-widget elementor-widget-text-editor\" data-id=\"47e77ca\" data-element_type=\"widget\" data-e-type=\"widget\" data-widget_type=\"text-editor.default\">\n\t\t\t\t<div class=\"elementor-widget-container\">\n\t\t\t\t\t\t\t\t\t<p>Estou ansioso para ouvir sua hist\u00f3ria e fazer algo muito especial com ela.<br data-start=\"350\" data-end=\"353\">Vamos conversar &#8211; ficarei feliz em dizer a voc\u00ea o que \u00e9 poss\u00edvel.<\/p>\t\t\t\t\t\t\t\t<\/div>\n\t\t\t\t<\/div>\n\t\t\t\t<div class=\"elementor-element elementor-element-8911ee0 elementor-align-left elementor-widget elementor-widget-button\" data-id=\"8911ee0\" data-element_type=\"widget\" data-e-type=\"widget\" data-settings=\"{&quot;_animation&quot;:&quot;none&quot;}\" data-widget_type=\"button.default\">\n\t\t\t\t<div class=\"elementor-widget-container\">\n\t\t\t\t\t\t\t\t\t<div class=\"elementor-button-wrapper\">\n\t\t\t\t\t<a class=\"elementor-button elementor-button-link elementor-size-sm elementor-animation-grow\" href=\"https:\/\/events-von-rath.de\/pt-br\/sobre-mim\/\">\n\t\t\t\t\t\t<span class=\"elementor-button-content-wrapper\">\n\t\t\t\t\t\t\t\t\t<span class=\"elementor-button-text\">conhe\u00e7a Simone<\/span>\n\t\t\t\t\t<\/span>\n\t\t\t\t\t<\/a>\n\t\t\t\t<\/div>\n\t\t\t\t\t\t\t\t<\/div>\n\t\t\t\t<\/div>\n\t\t\t\t<\/div>\n\t\t\t\t\t<\/div>\n\t\t\t\t<\/div>\n\t\t\t\t<\/div>\n\t\t\t\t<\/div>\n\t\t","protected":false},"excerpt":{"rendered":"<p>Eleg\u00e2ncia &#8211; Individualidade &#8211; Perfei\u00e7\u00e3o Wedding Planner em D\u00fcsseldorf &#8211; Planejamento de casamentos em toda a Alemanha Luxury Destination Weddings em Lugano e Portugal Eleg\u00e2ncia &#8211; Individualidade &#8211; Perfei\u00e7\u00e3o Wedding Planner em D\u00fcsseldorf &#8211; Planejamento de casamentos em toda a Alemanha Luxury Destination Weddings em Lugano e Portugal Contato Casamentos contempor\u00e2neos. Cuidadosamente planejados. Como organizadora [&hellip;]<\/p>\n","protected":false},"author":1,"featured_media":0,"parent":0,"menu_order":0,"comment_status":"closed","ping_status":"closed","template":"","meta":{"_acf_changed":false,"footnotes":""},"class_list":["post-9284","page","type-page","status-publish","hentry"],"acf":[],"yoast_head":"<!-- This site is optimized with the Yoast SEO Premium plugin v27.4 (Yoast SEO v27.5) - https:\/\/yoast.com\/product\/yoast-seo-premium-wordpress\/ -->\n<title>bem-vindos - Events von Rath<\/title>\n<meta name=\"description\" content=\"Descubra as vantagens do Wedding &amp; Events by Rath: planejamento individual e realiza\u00e7\u00e3o harmoniosa para o seu casamento na Alemanha.\" \/>\n<meta name=\"robots\" content=\"index, follow, max-snippet:-1, max-image-preview:large, max-video-preview:-1\" \/>\n<link rel=\"canonical\" href=\"https:\/\/events-von-rath.de\/pt-br\/bem-vindos-2\/\" \/>\n<meta property=\"og:locale\" content=\"pt_BR\" \/>\n<meta property=\"og:type\" content=\"article\" \/>\n<meta property=\"og:title\" content=\"bem-vindos\" \/>\n<meta property=\"og:description\" content=\"Descubra as vantagens do Wedding &amp; Events by Rath: planejamento individual e realiza\u00e7\u00e3o harmoniosa para o seu casamento na Alemanha.\" \/>\n<meta property=\"og:url\" content=\"https:\/\/events-von-rath.de\/pt-br\/bem-vindos-2\/\" \/>\n<meta property=\"og:site_name\" content=\"Events von Rath\" \/>\n<meta property=\"article:modified_time\" content=\"2026-03-08T07:44:26+00:00\" \/>\n<meta property=\"og:image\" content=\"https:\/\/events-von-rath.de\/wp-content\/uploads\/2025\/03\/SEF-7-scaled.jpg\" \/>\n\t<meta property=\"og:image:width\" content=\"1707\" \/>\n\t<meta property=\"og:image:height\" content=\"2560\" \/>\n\t<meta property=\"og:image:type\" content=\"image\/jpeg\" \/>\n<meta name=\"twitter:card\" content=\"summary_large_image\" \/>\n<meta name=\"twitter:label1\" content=\"Est. tempo de leitura\" \/>\n\t<meta name=\"twitter:data1\" content=\"6 minutos\" \/>\n<script type=\"application\/ld+json\" class=\"yoast-schema-graph\">{\"@context\":\"https:\\\/\\\/schema.org\",\"@graph\":[{\"@type\":\"WebPage\",\"@id\":\"https:\\\/\\\/events-von-rath.de\\\/pt-br\\\/bem-vindos-2\\\/\",\"url\":\"https:\\\/\\\/events-von-rath.de\\\/pt-br\\\/bem-vindos-2\\\/\",\"name\":\"bem-vindos - Events von Rath\",\"isPartOf\":{\"@id\":\"https:\\\/\\\/events-von-rath.de\\\/pt-br\\\/#website\"},\"primaryImageOfPage\":{\"@id\":\"https:\\\/\\\/events-von-rath.de\\\/pt-br\\\/bem-vindos-2\\\/#primaryimage\"},\"image\":{\"@id\":\"https:\\\/\\\/events-von-rath.de\\\/pt-br\\\/bem-vindos-2\\\/#primaryimage\"},\"thumbnailUrl\":\"https:\\\/\\\/events-von-rath.de\\\/wp-content\\\/uploads\\\/2025\\\/03\\\/SEF-7-683x1024.jpg\",\"datePublished\":\"2026-03-08T07:39:40+00:00\",\"dateModified\":\"2026-03-08T07:44:26+00:00\",\"description\":\"Descubra as vantagens do Wedding & Events by Rath: planejamento individual e realiza\u00e7\u00e3o harmoniosa para o seu casamento na Alemanha.\",\"breadcrumb\":{\"@id\":\"https:\\\/\\\/events-von-rath.de\\\/pt-br\\\/bem-vindos-2\\\/#breadcrumb\"},\"inLanguage\":\"pt-BR\",\"potentialAction\":[{\"@type\":\"ReadAction\",\"target\":[\"https:\\\/\\\/events-von-rath.de\\\/pt-br\\\/bem-vindos-2\\\/\"]}]},{\"@type\":\"ImageObject\",\"inLanguage\":\"pt-BR\",\"@id\":\"https:\\\/\\\/events-von-rath.de\\\/pt-br\\\/bem-vindos-2\\\/#primaryimage\",\"url\":\"https:\\\/\\\/events-von-rath.de\\\/wp-content\\\/uploads\\\/2025\\\/03\\\/SEF-7-683x1024.jpg\",\"contentUrl\":\"https:\\\/\\\/events-von-rath.de\\\/wp-content\\\/uploads\\\/2025\\\/03\\\/SEF-7-683x1024.jpg\"},{\"@type\":\"BreadcrumbList\",\"@id\":\"https:\\\/\\\/events-von-rath.de\\\/pt-br\\\/bem-vindos-2\\\/#breadcrumb\",\"itemListElement\":[{\"@type\":\"ListItem\",\"position\":1,\"name\":\"Startseite\",\"item\":\"https:\\\/\\\/events-von-rath.de\\\/pt-br\\\/\"},{\"@type\":\"ListItem\",\"position\":2,\"name\":\"bem-vindos\"}]},{\"@type\":\"WebSite\",\"@id\":\"https:\\\/\\\/events-von-rath.de\\\/pt-br\\\/#website\",\"url\":\"https:\\\/\\\/events-von-rath.de\\\/pt-br\\\/\",\"name\":\"Events von Rath\",\"description\":\"Private Feiern, die herzen ber&uuml;hren\",\"publisher\":{\"@id\":\"https:\\\/\\\/events-von-rath.de\\\/pt-br\\\/#organization\"},\"potentialAction\":[{\"@type\":\"SearchAction\",\"target\":{\"@type\":\"EntryPoint\",\"urlTemplate\":\"https:\\\/\\\/events-von-rath.de\\\/pt-br\\\/?s={search_term_string}\"},\"query-input\":{\"@type\":\"PropertyValueSpecification\",\"valueRequired\":true,\"valueName\":\"search_term_string\"}}],\"inLanguage\":\"pt-BR\"},{\"@type\":\"Organization\",\"@id\":\"https:\\\/\\\/events-von-rath.de\\\/pt-br\\\/#organization\",\"name\":\"Eventos von Rath\",\"url\":\"https:\\\/\\\/events-von-rath.de\\\/pt-br\\\/\",\"logo\":{\"@type\":\"ImageObject\",\"inLanguage\":\"pt-BR\",\"@id\":\"https:\\\/\\\/events-von-rath.de\\\/pt-br\\\/#\\\/schema\\\/logo\\\/image\\\/\",\"url\":\"https:\\\/\\\/events-von-rath.de\\\/wp-content\\\/uploads\\\/2025\\\/02\\\/mstile-150x150-1.webp\",\"contentUrl\":\"https:\\\/\\\/events-von-rath.de\\\/wp-content\\\/uploads\\\/2025\\\/02\\\/mstile-150x150-1.webp\",\"width\":150,\"height\":150,\"caption\":\"Eventos von Rath\"},\"image\":{\"@id\":\"https:\\\/\\\/events-von-rath.de\\\/pt-br\\\/#\\\/schema\\\/logo\\\/image\\\/\"}}]}<\/script>\n<!-- \/ Yoast SEO Premium plugin. -->","yoast_head_json":{"title":"bem-vindos - Events von Rath","description":"Descubra as vantagens do Wedding & Events by Rath: planejamento individual e realiza\u00e7\u00e3o harmoniosa para o seu casamento na Alemanha.","robots":{"index":"index","follow":"follow","max-snippet":"max-snippet:-1","max-image-preview":"max-image-preview:large","max-video-preview":"max-video-preview:-1"},"canonical":"https:\/\/events-von-rath.de\/pt-br\/bem-vindos-2\/","og_locale":"pt_BR","og_type":"article","og_title":"bem-vindos","og_description":"Descubra as vantagens do Wedding & Events by Rath: planejamento individual e realiza\u00e7\u00e3o harmoniosa para o seu casamento na Alemanha.","og_url":"https:\/\/events-von-rath.de\/pt-br\/bem-vindos-2\/","og_site_name":"Events von Rath","article_modified_time":"2026-03-08T07:44:26+00:00","og_image":[{"width":1707,"height":2560,"url":"https:\/\/events-von-rath.de\/wp-content\/uploads\/2025\/03\/SEF-7-scaled.jpg","type":"image\/jpeg"}],"twitter_card":"summary_large_image","twitter_misc":{"Est. tempo de leitura":"6 minutos"},"schema":{"@context":"https:\/\/schema.org","@graph":[{"@type":"WebPage","@id":"https:\/\/events-von-rath.de\/pt-br\/bem-vindos-2\/","url":"https:\/\/events-von-rath.de\/pt-br\/bem-vindos-2\/","name":"bem-vindos - Events von Rath","isPartOf":{"@id":"https:\/\/events-von-rath.de\/pt-br\/#website"},"primaryImageOfPage":{"@id":"https:\/\/events-von-rath.de\/pt-br\/bem-vindos-2\/#primaryimage"},"image":{"@id":"https:\/\/events-von-rath.de\/pt-br\/bem-vindos-2\/#primaryimage"},"thumbnailUrl":"https:\/\/events-von-rath.de\/wp-content\/uploads\/2025\/03\/SEF-7-683x1024.jpg","datePublished":"2026-03-08T07:39:40+00:00","dateModified":"2026-03-08T07:44:26+00:00","description":"Descubra as vantagens do Wedding & Events by Rath: planejamento individual e realiza\u00e7\u00e3o harmoniosa para o seu casamento na Alemanha.","breadcrumb":{"@id":"https:\/\/events-von-rath.de\/pt-br\/bem-vindos-2\/#breadcrumb"},"inLanguage":"pt-BR","potentialAction":[{"@type":"ReadAction","target":["https:\/\/events-von-rath.de\/pt-br\/bem-vindos-2\/"]}]},{"@type":"ImageObject","inLanguage":"pt-BR","@id":"https:\/\/events-von-rath.de\/pt-br\/bem-vindos-2\/#primaryimage","url":"https:\/\/events-von-rath.de\/wp-content\/uploads\/2025\/03\/SEF-7-683x1024.jpg","contentUrl":"https:\/\/events-von-rath.de\/wp-content\/uploads\/2025\/03\/SEF-7-683x1024.jpg"},{"@type":"BreadcrumbList","@id":"https:\/\/events-von-rath.de\/pt-br\/bem-vindos-2\/#breadcrumb","itemListElement":[{"@type":"ListItem","position":1,"name":"Startseite","item":"https:\/\/events-von-rath.de\/pt-br\/"},{"@type":"ListItem","position":2,"name":"bem-vindos"}]},{"@type":"WebSite","@id":"https:\/\/events-von-rath.de\/pt-br\/#website","url":"https:\/\/events-von-rath.de\/pt-br\/","name":"Events von Rath","description":"Private Feiern, die herzen ber&uuml;hren","publisher":{"@id":"https:\/\/events-von-rath.de\/pt-br\/#organization"},"potentialAction":[{"@type":"SearchAction","target":{"@type":"EntryPoint","urlTemplate":"https:\/\/events-von-rath.de\/pt-br\/?s={search_term_string}"},"query-input":{"@type":"PropertyValueSpecification","valueRequired":true,"valueName":"search_term_string"}}],"inLanguage":"pt-BR"},{"@type":"Organization","@id":"https:\/\/events-von-rath.de\/pt-br\/#organization","name":"Eventos von Rath","url":"https:\/\/events-von-rath.de\/pt-br\/","logo":{"@type":"ImageObject","inLanguage":"pt-BR","@id":"https:\/\/events-von-rath.de\/pt-br\/#\/schema\/logo\/image\/","url":"https:\/\/events-von-rath.de\/wp-content\/uploads\/2025\/02\/mstile-150x150-1.webp","contentUrl":"https:\/\/events-von-rath.de\/wp-content\/uploads\/2025\/02\/mstile-150x150-1.webp","width":150,"height":150,"caption":"Eventos von Rath"},"image":{"@id":"https:\/\/events-von-rath.de\/pt-br\/#\/schema\/logo\/image\/"}}]}},"_links":{"self":[{"href":"https:\/\/events-von-rath.de\/pt-br\/wp-json\/wp\/v2\/pages\/9284","targetHints":{"allow":["GET"]}}],"collection":[{"href":"https:\/\/events-von-rath.de\/pt-br\/wp-json\/wp\/v2\/pages"}],"about":[{"href":"https:\/\/events-von-rath.de\/pt-br\/wp-json\/wp\/v2\/types\/page"}],"author":[{"embeddable":true,"href":"https:\/\/events-von-rath.de\/pt-br\/wp-json\/wp\/v2\/users\/1"}],"replies":[{"embeddable":true,"href":"https:\/\/events-von-rath.de\/pt-br\/wp-json\/wp\/v2\/comments?post=9284"}],"version-history":[{"count":7,"href":"https:\/\/events-von-rath.de\/pt-br\/wp-json\/wp\/v2\/pages\/9284\/revisions"}],"predecessor-version":[{"id":9307,"href":"https:\/\/events-von-rath.de\/pt-br\/wp-json\/wp\/v2\/pages\/9284\/revisions\/9307"}],"wp:attachment":[{"href":"https:\/\/events-von-rath.de\/pt-br\/wp-json\/wp\/v2\/media?parent=9284"}],"curies":[{"name":"wp","href":"https:\/\/api.w.org\/{rel}","templated":true}]}}